{"version":"1.0","provider_name":"Freitext","provider_url":"https:\/\/blog.zeit.de\/freitext","author_name":"Dagmar Leupold","author_url":"https:\/\/blog.zeit.de\/freitext\/author\/dagmar-leupold\/","title":"Political Correctness: Wir brauchen Kunst als St\u00f6renfried","type":"rich","width":600,"height":338,"html":"<blockquote class=\"wp-embedded-content\" data-secret=\"FP8ZD6va1g\"><a href=\"https:\/\/blog.zeit.de\/freitext\/2018\/05\/17\/political-correctness-kunst-leupold\/\">Wir brauchen Kunst als St\u00f6renfried<\/a><\/blockquote><iframe sandbox=\"allow-scripts\" security=\"restricted\" src=\"https:\/\/blog.zeit.de\/freitext\/2018\/05\/17\/political-correctness-kunst-leupold\/embed\/#?secret=FP8ZD6va1g\" width=\"600\" height=\"338\" title=\"&#8222;Wir brauchen Kunst als St\u00f6renfried&#8220; &#8212; Freitext\" data-secret=\"FP8ZD6va1g\" frameborder=\"0\" marginwidth=\"0\" marginheight=\"0\" scrolling=\"no\" class=\"wp-embedded-content\"><\/iframe><script type=\"text\/javascript\">\n\/* <![CDATA[ *\/\n\/*! This file is auto-generated *\/\n!function(d,l){\"use strict\";l.querySelector&&d.addEventListener&&\"undefined\"!=typeof URL&&(d.wp=d.wp||{},d.wp.receiveEmbedMessage||(d.wp.receiveEmbedMessage=function(e){var t=e.data;if((t||t.secret||t.message||t.value)&&!\/[^a-zA-Z0-9]\/.test(t.secret)){for(var s,r,n,a=l.querySelectorAll('iframe[data-secret=\"'+t.secret+'\"]'),o=l.querySelectorAll('blockquote[data-secret=\"'+t.secret+'\"]'),c=new RegExp(\"^https?:$\",\"i\"),i=0;i<o.length;i++)o[i].style.display=\"none\";for(i=0;i<a.length;i++)s=a[i],e.source===s.contentWindow&&(s.removeAttribute(\"style\"),\"height\"===t.message?(1e3<(r=parseInt(t.value,10))?r=1e3:~~r<200&&(r=200),s.height=r):\"link\"===t.message&&(r=new URL(s.getAttribute(\"src\")),n=new URL(t.value),c.test(n.protocol))&&n.host===r.host&&l.activeElement===s&&(d.top.location.href=t.value))}},d.addEventListener(\"message\",d.wp.receiveEmbedMessage,!1),l.addEventListener(\"DOMContentLoaded\",function(){for(var e,t,s=l.querySelectorAll(\"iframe.wp-embedded-content\"),r=0;r<s.length;r++)(t=(e=s[r]).getAttribute(\"data-secret\"))||(t=Math.random().toString(36).substring(2,12),e.src+=\"#?secret=\"+t,e.setAttribute(\"data-secret\",t)),e.contentWindow.postMessage({message:\"ready\",secret:t},\"*\")},!1)))}(window,document);\n\/* ]]> *\/\n<\/script>\n","thumbnail_url":"https:\/\/blog.zeit.de\/freitext\/files\/2018\/05\/freitext-kunst-620x349.jpg","thumbnail_width":600,"thumbnail_height":338,"description":"Political Correctness schadet der Kunst, denn die ist niemals eine Meinungs\u00e4u\u00dferung. Kunst ist ein Korrektiv unserer Wahrnehmung, in dieser Freiheit d\u00fcrfen wir sie nicht beschneiden. Bleiben wir f\u00e4hig, Vielfalt und Widerspr\u00fcchliches in unser Denken zu integrieren!"}