{"version":"1.0","provider_name":"Gr\u00fcne Gesch\u00e4fte","provider_url":"https:\/\/blog.zeit.de\/gruenegeschaefte","author_name":"Marlies Uken","author_url":"https:\/\/blog.zeit.de\/gruenegeschaefte\/author\/marlies-uken\/","title":"Die neuen Sonnenprinzen aus Bayern - Gr\u00fcne Gesch\u00e4fte","type":"rich","width":600,"height":338,"html":"<blockquote class=\"wp-embedded-content\" data-secret=\"opFBQogHIn\"><a href=\"https:\/\/blog.zeit.de\/gruenegeschaefte\/2009\/12\/28\/die-neuen-sonnenprinzen-aus-bayern\/\">Die neuen Sonnenprinzen aus Bayern<\/a><\/blockquote><iframe sandbox=\"allow-scripts\" security=\"restricted\" src=\"https:\/\/blog.zeit.de\/gruenegeschaefte\/2009\/12\/28\/die-neuen-sonnenprinzen-aus-bayern\/embed\/#?secret=opFBQogHIn\" width=\"600\" height=\"338\" title=\"&#8222;Die neuen Sonnenprinzen aus Bayern&#8220; &#8212; Gr\u00fcne Gesch\u00e4fte\" data-secret=\"opFBQogHIn\" frameborder=\"0\" marginwidth=\"0\" marginheight=\"0\" scrolling=\"no\" class=\"wp-embedded-content\"><\/iframe><script type=\"text\/javascript\">\n\/* <![CDATA[ *\/\n\/*! This file is auto-generated *\/\n!function(d,l){\"use strict\";l.querySelector&&d.addEventListener&&\"undefined\"!=typeof URL&&(d.wp=d.wp||{},d.wp.receiveEmbedMessage||(d.wp.receiveEmbedMessage=function(e){var t=e.data;if((t||t.secret||t.message||t.value)&&!\/[^a-zA-Z0-9]\/.test(t.secret)){for(var s,r,n,a=l.querySelectorAll('iframe[data-secret=\"'+t.secret+'\"]'),o=l.querySelectorAll('blockquote[data-secret=\"'+t.secret+'\"]'),c=new RegExp(\"^https?:$\",\"i\"),i=0;i<o.length;i++)o[i].style.display=\"none\";for(i=0;i<a.length;i++)s=a[i],e.source===s.contentWindow&&(s.removeAttribute(\"style\"),\"height\"===t.message?(1e3<(r=parseInt(t.value,10))?r=1e3:~~r<200&&(r=200),s.height=r):\"link\"===t.message&&(r=new URL(s.getAttribute(\"src\")),n=new URL(t.value),c.test(n.protocol))&&n.host===r.host&&l.activeElement===s&&(d.top.location.href=t.value))}},d.addEventListener(\"message\",d.wp.receiveEmbedMessage,!1),l.addEventListener(\"DOMContentLoaded\",function(){for(var e,t,s=l.querySelectorAll(\"iframe.wp-embedded-content\"),r=0;r<s.length;r++)(t=(e=s[r]).getAttribute(\"data-secret\"))||(t=Math.random().toString(36).substring(2,12),e.src+=\"#?secret=\"+t,e.setAttribute(\"data-secret\",t)),e.contentWindow.postMessage({message:\"ready\",secret:t},\"*\")},!1)))}(window,document);\n\/* ]]> *\/\n<\/script>\n","description":"Bislang hat sich das\u00a0 F\u00fcrstenhaus von Thurn und Taxis kaum als aktiver Klimasch\u00fctzer einen Namen gemacht. Das soll sich jetzt \u00e4ndern: Die Bayern planen bei Straubing den weltgr\u00f6\u00dften Solarpark. Rund 115 Millionen Euro wollen sie investieren. Die Kapazit\u00e4t soll bei 65 Megawatt liegen, das Modulfeld w\u00e4re so gro\u00df wie 280 Fu\u00dfballfelder. Dank der EEG-Verg\u00fctung kalkuliert [&hellip;]"}