{"version":"1.0","provider_name":"Gr\u00fcne Gesch\u00e4fte","provider_url":"https:\/\/blog.zeit.de\/gruenegeschaefte","author_name":"Marlies Uken","author_url":"https:\/\/blog.zeit.de\/gruenegeschaefte\/author\/marlies-uken\/","title":"Solar: K\u00fcrzung sp\u00e4ter - aber h\u00f6her - Gr\u00fcne Gesch\u00e4fte","type":"rich","width":600,"height":338,"html":"<blockquote class=\"wp-embedded-content\" data-secret=\"zRAAv4SCdF\"><a href=\"https:\/\/blog.zeit.de\/gruenegeschaefte\/2010\/02\/09\/solar-kurzung-spater-aber-hoher\/\">Solar: K\u00fcrzung sp\u00e4ter &#8211; aber h\u00f6her<\/a><\/blockquote><iframe sandbox=\"allow-scripts\" security=\"restricted\" src=\"https:\/\/blog.zeit.de\/gruenegeschaefte\/2010\/02\/09\/solar-kurzung-spater-aber-hoher\/embed\/#?secret=zRAAv4SCdF\" width=\"600\" height=\"338\" title=\"&#8222;Solar: K\u00fcrzung sp\u00e4ter &#8211; aber h\u00f6her&#8220; &#8212; Gr\u00fcne Gesch\u00e4fte\" data-secret=\"zRAAv4SCdF\" frameborder=\"0\" marginwidth=\"0\" marginheight=\"0\" scrolling=\"no\" class=\"wp-embedded-content\"><\/iframe><script type=\"text\/javascript\">\n\/* <![CDATA[ *\/\n\/*! This file is auto-generated *\/\n!function(d,l){\"use strict\";l.querySelector&&d.addEventListener&&\"undefined\"!=typeof URL&&(d.wp=d.wp||{},d.wp.receiveEmbedMessage||(d.wp.receiveEmbedMessage=function(e){var t=e.data;if((t||t.secret||t.message||t.value)&&!\/[^a-zA-Z0-9]\/.test(t.secret)){for(var s,r,n,a=l.querySelectorAll('iframe[data-secret=\"'+t.secret+'\"]'),o=l.querySelectorAll('blockquote[data-secret=\"'+t.secret+'\"]'),c=new RegExp(\"^https?:$\",\"i\"),i=0;i<o.length;i++)o[i].style.display=\"none\";for(i=0;i<a.length;i++)s=a[i],e.source===s.contentWindow&&(s.removeAttribute(\"style\"),\"height\"===t.message?(1e3<(r=parseInt(t.value,10))?r=1e3:~~r<200&&(r=200),s.height=r):\"link\"===t.message&&(r=new URL(s.getAttribute(\"src\")),n=new URL(t.value),c.test(n.protocol))&&n.host===r.host&&l.activeElement===s&&(d.top.location.href=t.value))}},d.addEventListener(\"message\",d.wp.receiveEmbedMessage,!1),l.addEventListener(\"DOMContentLoaded\",function(){for(var e,t,s=l.querySelectorAll(\"iframe.wp-embedded-content\"),r=0;r<s.length;r++)(t=(e=s[r]).getAttribute(\"data-secret\"))||(t=Math.random().toString(36).substring(2,12),e.src+=\"#?secret=\"+t,e.setAttribute(\"data-secret\",t)),e.contentWindow.postMessage({message:\"ready\",secret:t},\"*\")},!1)))}(window,document);\n\/* ]]> *\/\n<\/script>\n","description":"Heute hat die Koalition getagt &#8211; und Schwarz-Gelb hat sich offenbar auf erste Kompromisse zur\u00a0 Solarstrom-F\u00f6rderung verst\u00e4ndigt, meldet just die dpa. Danach soll die F\u00f6rderk\u00fcrzung f\u00fcr Solaranlagen auf D\u00e4chern erst zum 1. Juni greifen und damit zwei Monate sp\u00e4ter als von Umweltminister Norbert R\u00f6ttgen (CDU) geplant. Allerdings sollen die Subventionen daf\u00fcr in diesem Jahr um [&hellip;]"}