{"version":"1.0","provider_name":"Speersort 1","provider_url":"https:\/\/blog.zeit.de\/hamburg","author_name":"Andreas Grie\u00df, Elbmelancholie","author_url":"https:\/\/blog.zeit.de\/hamburg\/author\/andreasgriess\/","title":"Unsere pers\u00f6nliche Meinung als Privatleute und Hamburg-Fans - Speersort 1 - ZEIT ONLINE","type":"rich","width":600,"height":338,"html":"<blockquote class=\"wp-embedded-content\" data-secret=\"JKxL8cOcDf\"><a href=\"https:\/\/blog.zeit.de\/hamburg\/privatleute\/\">Unsere pers\u00f6nliche Meinung als Privatleute und Hamburg-Fans<\/a><\/blockquote><iframe sandbox=\"allow-scripts\" security=\"restricted\" src=\"https:\/\/blog.zeit.de\/hamburg\/privatleute\/embed\/#?secret=JKxL8cOcDf\" width=\"600\" height=\"338\" title=\"&#8222;Unsere pers\u00f6nliche Meinung als Privatleute und Hamburg-Fans&#8220; &#8212; Speersort 1\" data-secret=\"JKxL8cOcDf\" frameborder=\"0\" marginwidth=\"0\" marginheight=\"0\" scrolling=\"no\" class=\"wp-embedded-content\"><\/iframe><script type=\"text\/javascript\">\n\/* <![CDATA[ *\/\n\/*! This file is auto-generated *\/\n!function(d,l){\"use strict\";l.querySelector&&d.addEventListener&&\"undefined\"!=typeof URL&&(d.wp=d.wp||{},d.wp.receiveEmbedMessage||(d.wp.receiveEmbedMessage=function(e){var t=e.data;if((t||t.secret||t.message||t.value)&&!\/[^a-zA-Z0-9]\/.test(t.secret)){for(var s,r,n,a=l.querySelectorAll('iframe[data-secret=\"'+t.secret+'\"]'),o=l.querySelectorAll('blockquote[data-secret=\"'+t.secret+'\"]'),c=new RegExp(\"^https?:$\",\"i\"),i=0;i<o.length;i++)o[i].style.display=\"none\";for(i=0;i<a.length;i++)s=a[i],e.source===s.contentWindow&&(s.removeAttribute(\"style\"),\"height\"===t.message?(1e3<(r=parseInt(t.value,10))?r=1e3:~~r<200&&(r=200),s.height=r):\"link\"===t.message&&(r=new URL(s.getAttribute(\"src\")),n=new URL(t.value),c.test(n.protocol))&&n.host===r.host&&l.activeElement===s&&(d.top.location.href=t.value))}},d.addEventListener(\"message\",d.wp.receiveEmbedMessage,!1),l.addEventListener(\"DOMContentLoaded\",function(){for(var e,t,s=l.querySelectorAll(\"iframe.wp-embedded-content\"),r=0;r<s.length;r++)(t=(e=s[r]).getAttribute(\"data-secret\"))||(t=Math.random().toString(36).substring(2,12),e.src+=\"#?secret=\"+t,e.setAttribute(\"data-secret\",t)),e.contentWindow.postMessage({message:\"ready\",secret:t},\"*\")},!1)))}(window,document);\n\/* ]]> *\/\n<\/script>\n","description":"Wir m\u00f6chten uns ja wirklich nicht einmischen in das aktuelle Geschehen der Stadt. Dieser Wochenr\u00fcckblick stellt daher nur unsere bescheidene Privatmeinung dar. Diese Wortwahl kommt euch bekannt vor? Nat\u00fcrlich tut sie das, erinnert sie doch nicht zuf\u00e4llig an Herrn K\u00fchne. Der HSV-Investor gab diese Woche dem Abendblatt ein Interview, in dem er mit seiner &#8222;pers\u00f6nlichen [&hellip;]"}