{"version":"1.0","provider_name":"Herdentrieb","provider_url":"https:\/\/blog.zeit.de\/herdentrieb","author_name":"Dieter Wermuth","author_url":"https:\/\/blog.zeit.de\/herdentrieb\/author\/dieter-wermuth","title":"Das Problem Jugendarbeitslosigkeit l\u00e4sst sich l\u00f6sen - Herdentrieb","type":"rich","width":600,"height":338,"html":"<blockquote class=\"wp-embedded-content\" data-secret=\"yHZdN5qfZA\"><a href=\"https:\/\/blog.zeit.de\/herdentrieb\/2014\/05\/21\/jugendarbeitslosigkeit-ist-ein-loesbares-problem_7380\">Das Problem Jugendarbeitslosigkeit l\u00e4sst sich l\u00f6sen<\/a><\/blockquote><iframe sandbox=\"allow-scripts\" security=\"restricted\" src=\"https:\/\/blog.zeit.de\/herdentrieb\/2014\/05\/21\/jugendarbeitslosigkeit-ist-ein-loesbares-problem_7380\/embed#?secret=yHZdN5qfZA\" width=\"600\" height=\"338\" title=\"&#8222;Das Problem Jugendarbeitslosigkeit l\u00e4sst sich l\u00f6sen&#8220; &#8212; Herdentrieb\" data-secret=\"yHZdN5qfZA\" frameborder=\"0\" marginwidth=\"0\" marginheight=\"0\" scrolling=\"no\" class=\"wp-embedded-content\"><\/iframe><script type=\"text\/javascript\">\n\/* <![CDATA[ *\/\n\/*! This file is auto-generated *\/\n!function(d,l){\"use strict\";l.querySelector&&d.addEventListener&&\"undefined\"!=typeof URL&&(d.wp=d.wp||{},d.wp.receiveEmbedMessage||(d.wp.receiveEmbedMessage=function(e){var t=e.data;if((t||t.secret||t.message||t.value)&&!\/[^a-zA-Z0-9]\/.test(t.secret)){for(var s,r,n,a=l.querySelectorAll('iframe[data-secret=\"'+t.secret+'\"]'),o=l.querySelectorAll('blockquote[data-secret=\"'+t.secret+'\"]'),c=new RegExp(\"^https?:$\",\"i\"),i=0;i<o.length;i++)o[i].style.display=\"none\";for(i=0;i<a.length;i++)s=a[i],e.source===s.contentWindow&&(s.removeAttribute(\"style\"),\"height\"===t.message?(1e3<(r=parseInt(t.value,10))?r=1e3:~~r<200&&(r=200),s.height=r):\"link\"===t.message&&(r=new URL(s.getAttribute(\"src\")),n=new URL(t.value),c.test(n.protocol))&&n.host===r.host&&l.activeElement===s&&(d.top.location.href=t.value))}},d.addEventListener(\"message\",d.wp.receiveEmbedMessage,!1),l.addEventListener(\"DOMContentLoaded\",function(){for(var e,t,s=l.querySelectorAll(\"iframe.wp-embedded-content\"),r=0;r<s.length;r++)(t=(e=s[r]).getAttribute(\"data-secret\"))||(t=Math.random().toString(36).substring(2,12),e.src+=\"#?secret=\"+t,e.setAttribute(\"data-secret\",t)),e.contentWindow.postMessage({message:\"ready\",secret:t},\"*\")},!1)))}(window,document);\n\/* ]]> *\/\n<\/script>\n","description":"Im M\u00e4rz lag die Arbeitslosenquote f\u00fcr 15- bis 24-J\u00e4hrige nach der Definition der Internationalen Arbeitsorganisation ILO in der EU bei 22,8 Prozent \u2013 das waren nicht weniger als 5,3 Millionen Personen. Die Quote ist mehr als doppelt so hoch wie die f\u00fcr 25- bis 64-j\u00e4hrigen Erwerbspersonen. Man kann den Eindruck gewinnen, dass ein gro\u00dfer Teil [&hellip;]","thumbnail_url":"https:\/\/blog.zeit.de\/herdentrieb\/files\/2014\/05\/Arbeitslosenquoten_Jung_Alt_EU.gif"}