{"version":"1.0","provider_name":"J\u00f6rg Lau","provider_url":"https:\/\/blog.zeit.de\/joerglau","author_name":"J\u00f6rg Lau","author_url":"https:\/\/blog.zeit.de\/joerglau\/author\/joerg-lau","title":"Viel Wut gegen das \"Islamische Wort\" - J\u00f6rg Lau","type":"rich","width":600,"height":338,"html":"<blockquote class=\"wp-embedded-content\" data-secret=\"9rXpV7x1AM\"><a href=\"https:\/\/blog.zeit.de\/joerglau\/2007\/05\/11\/viele-negative-raektionen-auf-das-islamische-wort_466\">Viel Wut gegen das &#8222;Islamische Wort&#8220;<\/a><\/blockquote><iframe sandbox=\"allow-scripts\" security=\"restricted\" src=\"https:\/\/blog.zeit.de\/joerglau\/2007\/05\/11\/viele-negative-raektionen-auf-das-islamische-wort_466\/embed#?secret=9rXpV7x1AM\" width=\"600\" height=\"338\" title=\"&#8222;Viel Wut gegen das &#8222;Islamische Wort&#8220;&#8220; &#8212; J\u00f6rg Lau\" data-secret=\"9rXpV7x1AM\" frameborder=\"0\" marginwidth=\"0\" marginheight=\"0\" scrolling=\"no\" class=\"wp-embedded-content\"><\/iframe><script type=\"text\/javascript\">\n\/* <![CDATA[ *\/\n\/*! This file is auto-generated *\/\n!function(d,l){\"use strict\";l.querySelector&&d.addEventListener&&\"undefined\"!=typeof URL&&(d.wp=d.wp||{},d.wp.receiveEmbedMessage||(d.wp.receiveEmbedMessage=function(e){var t=e.data;if((t||t.secret||t.message||t.value)&&!\/[^a-zA-Z0-9]\/.test(t.secret)){for(var s,r,n,a=l.querySelectorAll('iframe[data-secret=\"'+t.secret+'\"]'),o=l.querySelectorAll('blockquote[data-secret=\"'+t.secret+'\"]'),c=new RegExp(\"^https?:$\",\"i\"),i=0;i<o.length;i++)o[i].style.display=\"none\";for(i=0;i<a.length;i++)s=a[i],e.source===s.contentWindow&&(s.removeAttribute(\"style\"),\"height\"===t.message?(1e3<(r=parseInt(t.value,10))?r=1e3:~~r<200&&(r=200),s.height=r):\"link\"===t.message&&(r=new URL(s.getAttribute(\"src\")),n=new URL(t.value),c.test(n.protocol))&&n.host===r.host&&l.activeElement===s&&(d.top.location.href=t.value))}},d.addEventListener(\"message\",d.wp.receiveEmbedMessage,!1),l.addEventListener(\"DOMContentLoaded\",function(){for(var e,t,s=l.querySelectorAll(\"iframe.wp-embedded-content\"),r=0;r<s.length;r++)(t=(e=s[r]).getAttribute(\"data-secret\"))||(t=Math.random().toString(36).substring(2,12),e.src+=\"#?secret=\"+t,e.setAttribute(\"data-secret\",t)),e.contentWindow.postMessage({message:\"ready\",secret:t},\"*\")},!1)))}(window,document);\n\/* ]]> *\/\n<\/script>\n","description":"Auf die ersten beiden Beitr\u00e4ge zum &#8222;Islamischen Wort&#8220; habe es \u00fcberwiegend negative und feindselige Reaktionen gegeben. Etwa 60 Prozent der R\u00fcckmeldungen seien ablehnend bis hasserf\u00fcllt, sagt Johannes Wei\u00df, der Redaktionsleiter f\u00fcr den Bereich Religion, Kirche und Gesellschaft. Auf meine Nachfrage erl\u00e4uterte Wei\u00df, die Reaktionen bez\u00f6gen sich mehr auf die &#8222;Tatsache an sich&#8220;, dass der SWR [&hellip;]","thumbnail_url":"https:\/\/blog.zeit.de\/joerglau\/files\/2007\/05\/schaeuble-alboga-410.jpg"}