{"version":"1.0","provider_name":"J\u00f6rg Lau","provider_url":"https:\/\/blog.zeit.de\/joerglau","author_name":"J\u00f6rg Lau","author_url":"https:\/\/blog.zeit.de\/joerglau\/author\/joerg-lau","title":"Erdogan: Deutschland diskriminiert t\u00fcrkische Br\u00e4ute durch Sprachkurse - J\u00f6rg Lau","type":"rich","width":600,"height":338,"html":"<blockquote class=\"wp-embedded-content\" data-secret=\"VgmgjXA7P3\"><a href=\"https:\/\/blog.zeit.de\/joerglau\/2007\/11\/23\/erdogan-deutschland-diskriminiert-turkische-braute_916\">Erdogan: Deutschland diskriminiert t\u00fcrkische Br\u00e4ute durch Sprachkurse<\/a><\/blockquote><iframe sandbox=\"allow-scripts\" security=\"restricted\" src=\"https:\/\/blog.zeit.de\/joerglau\/2007\/11\/23\/erdogan-deutschland-diskriminiert-turkische-braute_916\/embed#?secret=VgmgjXA7P3\" width=\"600\" height=\"338\" title=\"&#8222;Erdogan: Deutschland diskriminiert t\u00fcrkische Br\u00e4ute durch Sprachkurse&#8220; &#8212; J\u00f6rg Lau\" data-secret=\"VgmgjXA7P3\" frameborder=\"0\" marginwidth=\"0\" marginheight=\"0\" scrolling=\"no\" class=\"wp-embedded-content\"><\/iframe><script type=\"text\/javascript\">\n\/* <![CDATA[ *\/\n\/*! This file is auto-generated *\/\n!function(d,l){\"use strict\";l.querySelector&&d.addEventListener&&\"undefined\"!=typeof URL&&(d.wp=d.wp||{},d.wp.receiveEmbedMessage||(d.wp.receiveEmbedMessage=function(e){var t=e.data;if((t||t.secret||t.message||t.value)&&!\/[^a-zA-Z0-9]\/.test(t.secret)){for(var s,r,n,a=l.querySelectorAll('iframe[data-secret=\"'+t.secret+'\"]'),o=l.querySelectorAll('blockquote[data-secret=\"'+t.secret+'\"]'),c=new RegExp(\"^https?:$\",\"i\"),i=0;i<o.length;i++)o[i].style.display=\"none\";for(i=0;i<a.length;i++)s=a[i],e.source===s.contentWindow&&(s.removeAttribute(\"style\"),\"height\"===t.message?(1e3<(r=parseInt(t.value,10))?r=1e3:~~r<200&&(r=200),s.height=r):\"link\"===t.message&&(r=new URL(s.getAttribute(\"src\")),n=new URL(t.value),c.test(n.protocol))&&n.host===r.host&&l.activeElement===s&&(d.top.location.href=t.value))}},d.addEventListener(\"message\",d.wp.receiveEmbedMessage,!1),l.addEventListener(\"DOMContentLoaded\",function(){for(var e,t,s=l.querySelectorAll(\"iframe.wp-embedded-content\"),r=0;r<s.length;r++)(t=(e=s[r]).getAttribute(\"data-secret\"))||(t=Math.random().toString(36).substring(2,12),e.src+=\"#?secret=\"+t,e.setAttribute(\"data-secret\",t)),e.contentWindow.postMessage({message:\"ready\",secret:t},\"*\")},!1)))}(window,document);\n\/* ]]> *\/\n<\/script>\n","description":"Der t\u00fcrkisch-deutsche Pressedienst Europress berichtet, dass nahezu alle in Deutschland erscheinenden t\u00fcrkischen Zeitungen heute einen Aufmacher \u00fcber das Treffen Ministerpr\u00e4sident Erdogans mit der Integrationsbeauftragten der Bundesregierung haben. Maria B\u00f6hmer ist derzeit auf einer Reise durch die T\u00fcrkei. Dabei sei B\u00f6hmer von Ministerpr\u00e4sident Erdogan wegen des Zuwanderungsrechts stark angegriffen worden, der von einer \u201ediskriminierenden und spaltenden\u201c [&hellip;]"}