{"version":"1.0","provider_name":"J\u00f6rg Lau","provider_url":"https:\/\/blog.zeit.de\/joerglau","author_name":"J\u00f6rg Lau","author_url":"https:\/\/blog.zeit.de\/joerglau\/author\/joerg-lau","title":"Erdogan: T\u00fcrkische Verb\u00e4nde betreiben \"Ghettoisierung\" - J\u00f6rg Lau","type":"rich","width":600,"height":338,"html":"<blockquote class=\"wp-embedded-content\" data-secret=\"UA4W5Fbux5\"><a href=\"https:\/\/blog.zeit.de\/joerglau\/2008\/02\/19\/erdogan-turkische-verbande-betreiben-ghettoisierung_1051\">Erdogan: T\u00fcrkische Verb\u00e4nde betreiben &#8222;Ghettoisierung&#8220;<\/a><\/blockquote><iframe sandbox=\"allow-scripts\" security=\"restricted\" src=\"https:\/\/blog.zeit.de\/joerglau\/2008\/02\/19\/erdogan-turkische-verbande-betreiben-ghettoisierung_1051\/embed#?secret=UA4W5Fbux5\" width=\"600\" height=\"338\" title=\"&#8222;Erdogan: T\u00fcrkische Verb\u00e4nde betreiben &#8222;Ghettoisierung&#8220;&#8220; &#8212; J\u00f6rg Lau\" data-secret=\"UA4W5Fbux5\" frameborder=\"0\" marginwidth=\"0\" marginheight=\"0\" scrolling=\"no\" class=\"wp-embedded-content\"><\/iframe><script type=\"text\/javascript\">\n\/* <![CDATA[ *\/\n\/*! This file is auto-generated *\/\n!function(d,l){\"use strict\";l.querySelector&&d.addEventListener&&\"undefined\"!=typeof URL&&(d.wp=d.wp||{},d.wp.receiveEmbedMessage||(d.wp.receiveEmbedMessage=function(e){var t=e.data;if((t||t.secret||t.message||t.value)&&!\/[^a-zA-Z0-9]\/.test(t.secret)){for(var s,r,n,a=l.querySelectorAll('iframe[data-secret=\"'+t.secret+'\"]'),o=l.querySelectorAll('blockquote[data-secret=\"'+t.secret+'\"]'),c=new RegExp(\"^https?:$\",\"i\"),i=0;i<o.length;i++)o[i].style.display=\"none\";for(i=0;i<a.length;i++)s=a[i],e.source===s.contentWindow&&(s.removeAttribute(\"style\"),\"height\"===t.message?(1e3<(r=parseInt(t.value,10))?r=1e3:~~r<200&&(r=200),s.height=r):\"link\"===t.message&&(r=new URL(s.getAttribute(\"src\")),n=new URL(t.value),c.test(n.protocol))&&n.host===r.host&&l.activeElement===s&&(d.top.location.href=t.value))}},d.addEventListener(\"message\",d.wp.receiveEmbedMessage,!1),l.addEventListener(\"DOMContentLoaded\",function(){for(var e,t,s=l.querySelectorAll(\"iframe.wp-embedded-content\"),r=0;r<s.length;r++)(t=(e=s[r]).getAttribute(\"data-secret\"))||(t=Math.random().toString(36).substring(2,12),e.src+=\"#?secret=\"+t,e.setAttribute(\"data-secret\",t)),e.contentWindow.postMessage({message:\"ready\",secret:t},\"*\")},!1)))}(window,document);\n\/* ]]> *\/\n<\/script>\n","description":"Die Debatte geht weiter, auch in den t\u00fcrkischen Medien: \u201eUnsere Verb\u00e4nde betreiben Ghettoisierung\u201c ist heute in gro\u00dfen Lettern auf der Titelseite der H\u00dcRRIYET zu lesen, die damit auf Aussagen des t\u00fcrkischen Ministerpr\u00e4sidenten Erdogan aufmerksam macht. So habe Erdogan in einem Fernsehinterview die t\u00fcrkischst\u00e4mmigen Verb\u00e4nde in Europa beschuldigt, nicht modern genug zu sein und sich gegen\u00fcber [&hellip;]"}