{"version":"1.0","provider_name":"J\u00f6rg Lau","provider_url":"https:\/\/blog.zeit.de\/joerglau","author_name":"J\u00f6rg Lau","author_url":"https:\/\/blog.zeit.de\/joerglau\/author\/joerg-lau","title":"T\u00fcrken, verge\u00dft die Vorurteile, schaut nach vorne! - J\u00f6rg Lau","type":"rich","width":600,"height":338,"html":"<blockquote class=\"wp-embedded-content\" data-secret=\"2p3Tk8nDFP\"><a href=\"https:\/\/blog.zeit.de\/joerglau\/2008\/07\/03\/turken-vergest-die-vorurteile-schaut-nach-vorne_1250\">T\u00fcrken, verge\u00dft die Vorurteile, schaut nach vorne!<\/a><\/blockquote><iframe sandbox=\"allow-scripts\" security=\"restricted\" src=\"https:\/\/blog.zeit.de\/joerglau\/2008\/07\/03\/turken-vergest-die-vorurteile-schaut-nach-vorne_1250\/embed#?secret=2p3Tk8nDFP\" width=\"600\" height=\"338\" title=\"&#8222;T\u00fcrken, verge\u00dft die Vorurteile, schaut nach vorne!&#8220; &#8212; J\u00f6rg Lau\" data-secret=\"2p3Tk8nDFP\" frameborder=\"0\" marginwidth=\"0\" marginheight=\"0\" scrolling=\"no\" class=\"wp-embedded-content\"><\/iframe><script type=\"text\/javascript\">\n\/* <![CDATA[ *\/\n\/*! This file is auto-generated *\/\n!function(d,l){\"use strict\";l.querySelector&&d.addEventListener&&\"undefined\"!=typeof URL&&(d.wp=d.wp||{},d.wp.receiveEmbedMessage||(d.wp.receiveEmbedMessage=function(e){var t=e.data;if((t||t.secret||t.message||t.value)&&!\/[^a-zA-Z0-9]\/.test(t.secret)){for(var s,r,n,a=l.querySelectorAll('iframe[data-secret=\"'+t.secret+'\"]'),o=l.querySelectorAll('blockquote[data-secret=\"'+t.secret+'\"]'),c=new RegExp(\"^https?:$\",\"i\"),i=0;i<o.length;i++)o[i].style.display=\"none\";for(i=0;i<a.length;i++)s=a[i],e.source===s.contentWindow&&(s.removeAttribute(\"style\"),\"height\"===t.message?(1e3<(r=parseInt(t.value,10))?r=1e3:~~r<200&&(r=200),s.height=r):\"link\"===t.message&&(r=new URL(s.getAttribute(\"src\")),n=new URL(t.value),c.test(n.protocol))&&n.host===r.host&&l.activeElement===s&&(d.top.location.href=t.value))}},d.addEventListener(\"message\",d.wp.receiveEmbedMessage,!1),l.addEventListener(\"DOMContentLoaded\",function(){for(var e,t,s=l.querySelectorAll(\"iframe.wp-embedded-content\"),r=0;r<s.length;r++)(t=(e=s[r]).getAttribute(\"data-secret\"))||(t=Math.random().toString(36).substring(2,12),e.src+=\"#?secret=\"+t,e.setAttribute(\"data-secret\",t)),e.contentWindow.postMessage({message:\"ready\",secret:t},\"*\")},!1)))}(window,document);\n\/* ]]> *\/\n<\/script>\n","description":"Die frisch zur Vize-Landeschefin der Hamburger CDU gew\u00e4hlte t\u00fcrkischst\u00e4mmige Ayg\u00fcl \u00d6zkan, appelliert heute in der t\u00fcrkischen Tageszeitung SABAH an t\u00fcrkische B\u00fcrger in Deutschland, Vorurteile ihnen gegen\u00fcber weniger Beachtung zu schenken und sich stattdessen mehr auf die eigene Zukunft zu konzentrieren. Es sei falsch anzunehmen, dass die T\u00fcren f\u00fcr B\u00fcrger mit Migrationshintergrund stets versperrt seien. Sie [&hellip;]","thumbnail_url":"https:\/\/blog.zeit.de\/joerglau\/files\/2008\/07\/aygul-oezkan.jpg"}