{"version":"1.0","provider_name":"J\u00f6rg Lau","provider_url":"https:\/\/blog.zeit.de\/joerglau","author_name":"J\u00f6rg Lau","author_url":"https:\/\/blog.zeit.de\/joerglau\/author\/joerg-lau","title":"Peinliches Eigenlob - J\u00f6rg Lau","type":"rich","width":600,"height":338,"html":"<blockquote class=\"wp-embedded-content\" data-secret=\"hlmpV8cuG7\"><a href=\"https:\/\/blog.zeit.de\/joerglau\/2011\/09\/12\/peinliches-eigenlob_5078\">Peinliches Eigenlob<\/a><\/blockquote><iframe sandbox=\"allow-scripts\" security=\"restricted\" src=\"https:\/\/blog.zeit.de\/joerglau\/2011\/09\/12\/peinliches-eigenlob_5078\/embed#?secret=hlmpV8cuG7\" width=\"600\" height=\"338\" title=\"&#8222;Peinliches Eigenlob&#8220; &#8212; J\u00f6rg Lau\" data-secret=\"hlmpV8cuG7\" frameborder=\"0\" marginwidth=\"0\" marginheight=\"0\" scrolling=\"no\" class=\"wp-embedded-content\"><\/iframe><script type=\"text\/javascript\">\n\/* <![CDATA[ *\/\n\/*! This file is auto-generated *\/\n!function(d,l){\"use strict\";l.querySelector&&d.addEventListener&&\"undefined\"!=typeof URL&&(d.wp=d.wp||{},d.wp.receiveEmbedMessage||(d.wp.receiveEmbedMessage=function(e){var t=e.data;if((t||t.secret||t.message||t.value)&&!\/[^a-zA-Z0-9]\/.test(t.secret)){for(var s,r,n,a=l.querySelectorAll('iframe[data-secret=\"'+t.secret+'\"]'),o=l.querySelectorAll('blockquote[data-secret=\"'+t.secret+'\"]'),c=new RegExp(\"^https?:$\",\"i\"),i=0;i<o.length;i++)o[i].style.display=\"none\";for(i=0;i<a.length;i++)s=a[i],e.source===s.contentWindow&&(s.removeAttribute(\"style\"),\"height\"===t.message?(1e3<(r=parseInt(t.value,10))?r=1e3:~~r<200&&(r=200),s.height=r):\"link\"===t.message&&(r=new URL(s.getAttribute(\"src\")),n=new URL(t.value),c.test(n.protocol))&&n.host===r.host&&l.activeElement===s&&(d.top.location.href=t.value))}},d.addEventListener(\"message\",d.wp.receiveEmbedMessage,!1),l.addEventListener(\"DOMContentLoaded\",function(){for(var e,t,s=l.querySelectorAll(\"iframe.wp-embedded-content\"),r=0;r<s.length;r++)(t=(e=s[r]).getAttribute(\"data-secret\"))||(t=Math.random().toString(36).substring(2,12),e.src+=\"#?secret=\"+t,e.setAttribute(\"data-secret\",t)),e.contentWindow.postMessage({message:\"ready\",secret:t},\"*\")},!1)))}(window,document);\n\/* ]]> *\/\n<\/script>\n","description":"Das Interview mit Ahmet Toprak l\u00e4uft und l\u00e4uft, was mich besonders freut, weil ich diesen Herrn mit seinem entschiedenen, aber konstruktiven Ton in der Debatte lieber an vorderer Stelle s\u00e4he als manche anderen Beitr\u00e4ger. Soeben in meinen Blogstats: So viele Leser k\u00f6nnen die wenigsten Printbeitr\u00e4ge aufweisen.","thumbnail_url":"https:\/\/blog.zeit.de\/joerglau\/files\/2011\/09\/Bildschirmfoto-2011-09-12-um-18.38.30.png"}