{"version":"1.0","provider_name":"Kabul, 2014","provider_url":"https:\/\/blog.zeit.de\/kabul","author_name":"Ronja von Wurmb-Seibel","author_url":"https:\/\/blog.zeit.de\/kabul\/author\/rvwurmbseibel\/","title":"Kabuls j\u00fcngster Parlamentarier - Kabul, 2014","type":"rich","width":600,"height":338,"html":"<blockquote class=\"wp-embedded-content\" data-secret=\"Gstn9Ad0Zr\"><a href=\"https:\/\/blog.zeit.de\/kabul\/2014\/03\/01\/kabuls-jungster-parlamentarier\/\">Kabuls j\u00fcngster Parlamentarier<\/a><\/blockquote><iframe sandbox=\"allow-scripts\" security=\"restricted\" src=\"https:\/\/blog.zeit.de\/kabul\/2014\/03\/01\/kabuls-jungster-parlamentarier\/embed\/#?secret=Gstn9Ad0Zr\" width=\"600\" height=\"338\" title=\"&#8222;Kabuls j\u00fcngster Parlamentarier&#8220; &#8212; Kabul, 2014\" data-secret=\"Gstn9Ad0Zr\" frameborder=\"0\" marginwidth=\"0\" marginheight=\"0\" scrolling=\"no\" class=\"wp-embedded-content\"><\/iframe><script type=\"text\/javascript\">\n\/* <![CDATA[ *\/\n\/*! This file is auto-generated *\/\n!function(d,l){\"use strict\";l.querySelector&&d.addEventListener&&\"undefined\"!=typeof URL&&(d.wp=d.wp||{},d.wp.receiveEmbedMessage||(d.wp.receiveEmbedMessage=function(e){var t=e.data;if((t||t.secret||t.message||t.value)&&!\/[^a-zA-Z0-9]\/.test(t.secret)){for(var s,r,n,a=l.querySelectorAll('iframe[data-secret=\"'+t.secret+'\"]'),o=l.querySelectorAll('blockquote[data-secret=\"'+t.secret+'\"]'),c=new RegExp(\"^https?:$\",\"i\"),i=0;i<o.length;i++)o[i].style.display=\"none\";for(i=0;i<a.length;i++)s=a[i],e.source===s.contentWindow&&(s.removeAttribute(\"style\"),\"height\"===t.message?(1e3<(r=parseInt(t.value,10))?r=1e3:~~r<200&&(r=200),s.height=r):\"link\"===t.message&&(r=new URL(s.getAttribute(\"src\")),n=new URL(t.value),c.test(n.protocol))&&n.host===r.host&&l.activeElement===s&&(d.top.location.href=t.value))}},d.addEventListener(\"message\",d.wp.receiveEmbedMessage,!1),l.addEventListener(\"DOMContentLoaded\",function(){for(var e,t,s=l.querySelectorAll(\"iframe.wp-embedded-content\"),r=0;r<s.length;r++)(t=(e=s[r]).getAttribute(\"data-secret\"))||(t=Math.random().toString(36).substring(2,12),e.src+=\"#?secret=\"+t,e.setAttribute(\"data-secret\",t)),e.contentWindow.postMessage({message:\"ready\",secret:t},\"*\")},!1)))}(window,document);\n\/* ]]> *\/\n<\/script>\n","description":"Kabuls j\u00fcngster Parlamentsabgeordneter streikt. Baktash Siawash, 27, campiert seit zehn Tagen gegen\u00fcber dem Parlamentsgeb\u00e4ude. Er kritisiert Pr\u00e4sident Karsai und fordert mehr Unterst\u00fctzung f\u00fcr die afghanische Armee im Kampf gegen die Taliban.","thumbnail_url":"https:\/\/blog.zeit.de\/kabul\/files\/2014\/03\/IMG_02021-580x386.jpg"}