{"version":"1.0","provider_name":"KinderZEIT-Blog","provider_url":"https:\/\/blog.zeit.de\/kinderzeit","author_name":"Redaktion KinderZEIT","author_url":"https:\/\/blog.zeit.de\/kinderzeit\/author\/sandra-valeska-bruhns","title":"Ein harter Job - KinderZEIT-Blog","type":"rich","width":600,"height":338,"html":"<blockquote class=\"wp-embedded-content\" data-secret=\"Cba4fMOZs7\"><a href=\"https:\/\/blog.zeit.de\/kinderzeit\/2011\/01\/13\/ein-harter-job_8200\">Ein harter Job<\/a><\/blockquote><iframe sandbox=\"allow-scripts\" security=\"restricted\" src=\"https:\/\/blog.zeit.de\/kinderzeit\/2011\/01\/13\/ein-harter-job_8200\/embed#?secret=Cba4fMOZs7\" width=\"600\" height=\"338\" title=\"&#8222;Ein harter Job&#8220; &#8212; KinderZEIT-Blog\" data-secret=\"Cba4fMOZs7\" frameborder=\"0\" marginwidth=\"0\" marginheight=\"0\" scrolling=\"no\" class=\"wp-embedded-content\"><\/iframe><script type=\"text\/javascript\">\n\/* <![CDATA[ *\/\n\/*! This file is auto-generated *\/\n!function(d,l){\"use strict\";l.querySelector&&d.addEventListener&&\"undefined\"!=typeof URL&&(d.wp=d.wp||{},d.wp.receiveEmbedMessage||(d.wp.receiveEmbedMessage=function(e){var t=e.data;if((t||t.secret||t.message||t.value)&&!\/[^a-zA-Z0-9]\/.test(t.secret)){for(var s,r,n,a=l.querySelectorAll('iframe[data-secret=\"'+t.secret+'\"]'),o=l.querySelectorAll('blockquote[data-secret=\"'+t.secret+'\"]'),c=new RegExp(\"^https?:$\",\"i\"),i=0;i<o.length;i++)o[i].style.display=\"none\";for(i=0;i<a.length;i++)s=a[i],e.source===s.contentWindow&&(s.removeAttribute(\"style\"),\"height\"===t.message?(1e3<(r=parseInt(t.value,10))?r=1e3:~~r<200&&(r=200),s.height=r):\"link\"===t.message&&(r=new URL(s.getAttribute(\"src\")),n=new URL(t.value),c.test(n.protocol))&&n.host===r.host&&l.activeElement===s&&(d.top.location.href=t.value))}},d.addEventListener(\"message\",d.wp.receiveEmbedMessage,!1),l.addEventListener(\"DOMContentLoaded\",function(){for(var e,t,s=l.querySelectorAll(\"iframe.wp-embedded-content\"),r=0;r<s.length;r++)(t=(e=s[r]).getAttribute(\"data-secret\"))||(t=Math.random().toString(36).substring(2,12),e.src+=\"#?secret=\"+t,e.setAttribute(\"data-secret\",t)),e.contentWindow.postMessage({message:\"ready\",secret:t},\"*\")},!1)))}(window,document);\n\/* ]]> *\/\n<\/script>\n","description":"Barack Obama wird von Freunden und Gegnern angefeindet, eine schlimme Gewalttat ersch\u00fcttert die Amerikaner: Keine leichte Zeit f\u00fcr den Pr\u00e4sidenten der USA Von Martin Klingst und Katrin H\u00f6rnlein Seit zwei Jahren ist Barack Obama nun Pr\u00e4sident der Vereinigten Staaten von Amerika (abgek\u00fcrzt USA), die H\u00e4lfte seiner Amtszeit ist um. H\u00e4ufig ist das ein Zeitpunkt, an [&hellip;]","thumbnail_url":"https:\/\/blog.zeit.de\/kinderzeit\/files\/2011\/01\/obama-540x360.jpg"}