{"version":"1.0","provider_name":"KinderZEIT-Blog","provider_url":"https:\/\/blog.zeit.de\/kinderzeit","author_name":"Redaktion KinderZEIT","author_url":"https:\/\/blog.zeit.de\/kinderzeit\/author\/sandra-valeska-bruhns","title":"Krise f\u00fcr Anf\u00e4nger - KinderZEIT-Blog","type":"rich","width":600,"height":338,"html":"<blockquote class=\"wp-embedded-content\" data-secret=\"kt89kHIrAl\"><a href=\"https:\/\/blog.zeit.de\/kinderzeit\/2012\/07\/05\/krise-fur-anfanger_12508\">Krise f\u00fcr Anf\u00e4nger<\/a><\/blockquote><iframe sandbox=\"allow-scripts\" security=\"restricted\" src=\"https:\/\/blog.zeit.de\/kinderzeit\/2012\/07\/05\/krise-fur-anfanger_12508\/embed#?secret=kt89kHIrAl\" width=\"600\" height=\"338\" title=\"&#8222;Krise f\u00fcr Anf\u00e4nger&#8220; &#8212; KinderZEIT-Blog\" data-secret=\"kt89kHIrAl\" frameborder=\"0\" marginwidth=\"0\" marginheight=\"0\" scrolling=\"no\" class=\"wp-embedded-content\"><\/iframe><script type=\"text\/javascript\">\n\/* <![CDATA[ *\/\n\/*! This file is auto-generated *\/\n!function(d,l){\"use strict\";l.querySelector&&d.addEventListener&&\"undefined\"!=typeof URL&&(d.wp=d.wp||{},d.wp.receiveEmbedMessage||(d.wp.receiveEmbedMessage=function(e){var t=e.data;if((t||t.secret||t.message||t.value)&&!\/[^a-zA-Z0-9]\/.test(t.secret)){for(var s,r,n,a=l.querySelectorAll('iframe[data-secret=\"'+t.secret+'\"]'),o=l.querySelectorAll('blockquote[data-secret=\"'+t.secret+'\"]'),c=new RegExp(\"^https?:$\",\"i\"),i=0;i<o.length;i++)o[i].style.display=\"none\";for(i=0;i<a.length;i++)s=a[i],e.source===s.contentWindow&&(s.removeAttribute(\"style\"),\"height\"===t.message?(1e3<(r=parseInt(t.value,10))?r=1e3:~~r<200&&(r=200),s.height=r):\"link\"===t.message&&(r=new URL(s.getAttribute(\"src\")),n=new URL(t.value),c.test(n.protocol))&&n.host===r.host&&l.activeElement===s&&(d.top.location.href=t.value))}},d.addEventListener(\"message\",d.wp.receiveEmbedMessage,!1),l.addEventListener(\"DOMContentLoaded\",function(){for(var e,t,s=l.querySelectorAll(\"iframe.wp-embedded-content\"),r=0;r<s.length;r++)(t=(e=s[r]).getAttribute(\"data-secret\"))||(t=Math.random().toString(36).substring(2,12),e.src+=\"#?secret=\"+t,e.setAttribute(\"data-secret\",t)),e.contentWindow.postMessage({message:\"ready\",secret:t},\"*\")},!1)))}(window,document);\n\/* ]]> *\/\n<\/script>\n","description":"Scheitert der Euro? Ist Europa in Gefahr? Seit Monaten sind viele Menschen besorgt. Unser Autor Matthias Krupa erkl\u00e4rt, was da los ist. Die Illustrationen sind von Jochen Schievink f\u00fcr DIE ZEIT\/www.jochenworld.de Was ist Europa eigentlich? Zun\u00e4chst einmal ist Europa nat\u00fcrlich ein Kontinent, allerdings einer ohne klare Grenzen. Die T\u00fcrkei und Russland etwa geh\u00f6ren mit einem [&hellip;]","thumbnail_url":"https:\/\/blog.zeit.de\/kinderzeit\/files\/2012\/07\/krise01-300x162.jpg"}