{"version":"1.0","provider_name":"KinderZEIT-Blog","provider_url":"https:\/\/blog.zeit.de\/kinderzeit","author_name":"Redaktion KinderZEIT","author_url":"https:\/\/blog.zeit.de\/kinderzeit\/author\/sandra-valeska-bruhns","title":"Verr\u00fcckte Viecher (32): Europ\u00e4ischer Aal - KinderZEIT-Blog","type":"rich","width":600,"height":338,"html":"<blockquote class=\"wp-embedded-content\" data-secret=\"VZ2YFdsmN1\"><a href=\"https:\/\/blog.zeit.de\/kinderzeit\/2012\/12\/06\/verruckte-viecher-32-europaischer-aal_13191\">Verr\u00fcckte Viecher (32): Europ\u00e4ischer Aal<\/a><\/blockquote><iframe sandbox=\"allow-scripts\" security=\"restricted\" src=\"https:\/\/blog.zeit.de\/kinderzeit\/2012\/12\/06\/verruckte-viecher-32-europaischer-aal_13191\/embed#?secret=VZ2YFdsmN1\" width=\"600\" height=\"338\" title=\"&#8222;Verr\u00fcckte Viecher (32): Europ\u00e4ischer Aal&#8220; &#8212; KinderZEIT-Blog\" data-secret=\"VZ2YFdsmN1\" frameborder=\"0\" marginwidth=\"0\" marginheight=\"0\" scrolling=\"no\" class=\"wp-embedded-content\"><\/iframe><script type=\"text\/javascript\">\n\/* <![CDATA[ *\/\n\/*! This file is auto-generated *\/\n!function(d,l){\"use strict\";l.querySelector&&d.addEventListener&&\"undefined\"!=typeof URL&&(d.wp=d.wp||{},d.wp.receiveEmbedMessage||(d.wp.receiveEmbedMessage=function(e){var t=e.data;if((t||t.secret||t.message||t.value)&&!\/[^a-zA-Z0-9]\/.test(t.secret)){for(var s,r,n,a=l.querySelectorAll('iframe[data-secret=\"'+t.secret+'\"]'),o=l.querySelectorAll('blockquote[data-secret=\"'+t.secret+'\"]'),c=new RegExp(\"^https?:$\",\"i\"),i=0;i<o.length;i++)o[i].style.display=\"none\";for(i=0;i<a.length;i++)s=a[i],e.source===s.contentWindow&&(s.removeAttribute(\"style\"),\"height\"===t.message?(1e3<(r=parseInt(t.value,10))?r=1e3:~~r<200&&(r=200),s.height=r):\"link\"===t.message&&(r=new URL(s.getAttribute(\"src\")),n=new URL(t.value),c.test(n.protocol))&&n.host===r.host&&l.activeElement===s&&(d.top.location.href=t.value))}},d.addEventListener(\"message\",d.wp.receiveEmbedMessage,!1),l.addEventListener(\"DOMContentLoaded\",function(){for(var e,t,s=l.querySelectorAll(\"iframe.wp-embedded-content\"),r=0;r<s.length;r++)(t=(e=s[r]).getAttribute(\"data-secret\"))||(t=Math.random().toString(36).substring(2,12),e.src+=\"#?secret=\"+t,e.setAttribute(\"data-secret\",t)),e.contentWindow.postMessage({message:\"ready\",secret:t},\"*\")},!1)))}(window,document);\n\/* ]]> *\/\n<\/script>\n","description":"Seit ein paar Wochen ist es wieder so weit: Die Aale gehen auf gro\u00dfe Wanderschaft. Immer im Herbst und Winter ziehen ausgewachsene Fische aus den Fl\u00fcssen, T\u00fcmpeln oder Seen, in denen sie etwa zehn Jahre lang gelebt haben, in Richtung Meer. Die Aale schl\u00e4ngeln sich sogar f\u00fcr kurze Strecken \u00fcber Land, wenn sie sonst nicht [&hellip;]","thumbnail_url":"https:\/\/blog.zeit.de\/kinderzeit\/files\/2012\/12\/aal-300x198.jpg"}