{"version":"1.0","provider_name":"KinderZEIT-Blog","provider_url":"https:\/\/blog.zeit.de\/kinderzeit","author_name":"Redaktion KinderZEIT","author_url":"https:\/\/blog.zeit.de\/kinderzeit\/author\/sandra-valeska-bruhns","title":"Sommerferienlesefutter: Erz\u00e4hl mir von damals - KinderZEIT-Blog","type":"rich","width":600,"height":338,"html":"<blockquote class=\"wp-embedded-content\" data-secret=\"ILxxOB9RuT\"><a href=\"https:\/\/blog.zeit.de\/kinderzeit\/2013\/07\/15\/sommerferienlesefutter-erzahl-mir-von-damals_14230\">Sommerferienlesefutter: Erz\u00e4hl mir von damals<\/a><\/blockquote><iframe sandbox=\"allow-scripts\" security=\"restricted\" src=\"https:\/\/blog.zeit.de\/kinderzeit\/2013\/07\/15\/sommerferienlesefutter-erzahl-mir-von-damals_14230\/embed#?secret=ILxxOB9RuT\" width=\"600\" height=\"338\" title=\"&#8222;Sommerferienlesefutter: Erz\u00e4hl mir von damals&#8220; &#8212; KinderZEIT-Blog\" data-secret=\"ILxxOB9RuT\" frameborder=\"0\" marginwidth=\"0\" marginheight=\"0\" scrolling=\"no\" class=\"wp-embedded-content\"><\/iframe><script type=\"text\/javascript\">\n\/* <![CDATA[ *\/\n\/*! This file is auto-generated *\/\n!function(d,l){\"use strict\";l.querySelector&&d.addEventListener&&\"undefined\"!=typeof URL&&(d.wp=d.wp||{},d.wp.receiveEmbedMessage||(d.wp.receiveEmbedMessage=function(e){var t=e.data;if((t||t.secret||t.message||t.value)&&!\/[^a-zA-Z0-9]\/.test(t.secret)){for(var s,r,n,a=l.querySelectorAll('iframe[data-secret=\"'+t.secret+'\"]'),o=l.querySelectorAll('blockquote[data-secret=\"'+t.secret+'\"]'),c=new RegExp(\"^https?:$\",\"i\"),i=0;i<o.length;i++)o[i].style.display=\"none\";for(i=0;i<a.length;i++)s=a[i],e.source===s.contentWindow&&(s.removeAttribute(\"style\"),\"height\"===t.message?(1e3<(r=parseInt(t.value,10))?r=1e3:~~r<200&&(r=200),s.height=r):\"link\"===t.message&&(r=new URL(s.getAttribute(\"src\")),n=new URL(t.value),c.test(n.protocol))&&n.host===r.host&&l.activeElement===s&&(d.top.location.href=t.value))}},d.addEventListener(\"message\",d.wp.receiveEmbedMessage,!1),l.addEventListener(\"DOMContentLoaded\",function(){for(var e,t,s=l.querySelectorAll(\"iframe.wp-embedded-content\"),r=0;r<s.length;r++)(t=(e=s[r]).getAttribute(\"data-secret\"))||(t=Math.random().toString(36).substring(2,12),e.src+=\"#?secret=\"+t,e.setAttribute(\"data-secret\",t)),e.contentWindow.postMessage({message:\"ready\",secret:t},\"*\")},!1)))}(window,document);\n\/* ]]> *\/\n<\/script>\n","description":"Die gro\u00dfen Ferien &#8211; das sind f\u00fcr viele Kinder auch die Wochen im Jahr, in denen sie die Gro\u00dfeltern besuchen k\u00f6nnen. Viele Eltern sind gl\u00fccklich dar\u00fcber, dass sich die Kinder mit den Gro\u00dfeltern eine sch\u00f6ne Zeit machen k\u00f6nnen, w\u00e4hrend sie selbst noch arbeiten m\u00fcssen. Denn so viel Ferien wie Schulkinder haben Eltern leider nicht. Ein [&hellip;]","thumbnail_url":"https:\/\/blog.zeit.de\/kinderzeit\/files\/2013\/06\/frueher-238x300.jpg"}