{"version":"1.0","provider_name":"B\u00f6hms Logbuch","provider_url":"https:\/\/blog.zeit.de\/kongo","author_name":"Andrea B\u00f6hm","author_url":"https:\/\/blog.zeit.de\/kongo\/author\/andrea-boehm\/","title":"Srebrenica: Lebensl\u00e4nglich f\u00fcr V\u00f6lkermord - B\u00f6hms Logbuch","type":"rich","width":600,"height":338,"html":"<blockquote class=\"wp-embedded-content\" data-secret=\"IG57MIzIPV\"><a href=\"https:\/\/blog.zeit.de\/kongo\/2010\/06\/10\/srebrenica-lebenslanglich-fur-volkermord\/\">Srebrenica: Lebensl\u00e4nglich f\u00fcr V\u00f6lkermord<\/a><\/blockquote><iframe sandbox=\"allow-scripts\" security=\"restricted\" src=\"https:\/\/blog.zeit.de\/kongo\/2010\/06\/10\/srebrenica-lebenslanglich-fur-volkermord\/embed\/#?secret=IG57MIzIPV\" width=\"600\" height=\"338\" title=\"&#8222;Srebrenica: Lebensl\u00e4nglich f\u00fcr V\u00f6lkermord&#8220; &#8212; B\u00f6hms Logbuch\" data-secret=\"IG57MIzIPV\" frameborder=\"0\" marginwidth=\"0\" marginheight=\"0\" scrolling=\"no\" class=\"wp-embedded-content\"><\/iframe><script type=\"text\/javascript\">\n\/* <![CDATA[ *\/\n\/*! This file is auto-generated *\/\n!function(d,l){\"use strict\";l.querySelector&&d.addEventListener&&\"undefined\"!=typeof URL&&(d.wp=d.wp||{},d.wp.receiveEmbedMessage||(d.wp.receiveEmbedMessage=function(e){var t=e.data;if((t||t.secret||t.message||t.value)&&!\/[^a-zA-Z0-9]\/.test(t.secret)){for(var s,r,n,a=l.querySelectorAll('iframe[data-secret=\"'+t.secret+'\"]'),o=l.querySelectorAll('blockquote[data-secret=\"'+t.secret+'\"]'),c=new RegExp(\"^https?:$\",\"i\"),i=0;i<o.length;i++)o[i].style.display=\"none\";for(i=0;i<a.length;i++)s=a[i],e.source===s.contentWindow&&(s.removeAttribute(\"style\"),\"height\"===t.message?(1e3<(r=parseInt(t.value,10))?r=1e3:~~r<200&&(r=200),s.height=r):\"link\"===t.message&&(r=new URL(s.getAttribute(\"src\")),n=new URL(t.value),c.test(n.protocol))&&n.host===r.host&&l.activeElement===s&&(d.top.location.href=t.value))}},d.addEventListener(\"message\",d.wp.receiveEmbedMessage,!1),l.addEventListener(\"DOMContentLoaded\",function(){for(var e,t,s=l.querySelectorAll(\"iframe.wp-embedded-content\"),r=0;r<s.length;r++)(t=(e=s[r]).getAttribute(\"data-secret\"))||(t=Math.random().toString(36).substring(2,12),e.src+=\"#?secret=\"+t,e.setAttribute(\"data-secret\",t)),e.contentWindow.postMessage({message:\"ready\",secret:t},\"*\")},!1)))}(window,document);\n\/* ]]> *\/\n<\/script>\n","description":"Im Gerichtssaal wirkten sie oft wie eine gut gelaunte Seniorentruppe im Sonntagsanzug \u2013 allen voran die beiden Hauptangeklagten Ljubisa Beara und Vujodin Popovic. \u201eNicht schuldig\u201c erkl\u00e4rten sie selbstsicher vor drei Jahren bei der Er\u00f6ffnung ihres Prozesses vor dem UN-Jugoslawien-Tribunal in Den Haag. \u201eSchuldig\u201c, antworteten an diesem Donnerstag die Richter und verh\u00e4ngten gegen die beiden lebenslang [&hellip;]"}