{"version":"1.0","provider_name":"Kulturkampf","provider_url":"https:\/\/blog.zeit.de\/kulturkampf","author_name":"Tina Klopp","author_url":"https:\/\/blog.zeit.de\/kulturkampf\/author\/tina-klopp\/","title":"Macht das Internet d\u00fcmmer oder kl\u00fcger? - Kulturkampf","type":"rich","width":600,"height":338,"html":"<blockquote class=\"wp-embedded-content\" data-secret=\"Y9dy7GGi0P\"><a href=\"https:\/\/blog.zeit.de\/kulturkampf\/2010\/06\/08\/macht-das-internet-dummer-oder-kluger\/\">Macht das Internet d\u00fcmmer oder kl\u00fcger?<\/a><\/blockquote><iframe sandbox=\"allow-scripts\" security=\"restricted\" src=\"https:\/\/blog.zeit.de\/kulturkampf\/2010\/06\/08\/macht-das-internet-dummer-oder-kluger\/embed\/#?secret=Y9dy7GGi0P\" width=\"600\" height=\"338\" title=\"&#8222;Macht das Internet d\u00fcmmer oder kl\u00fcger?&#8220; &#8212; Kulturkampf\" data-secret=\"Y9dy7GGi0P\" frameborder=\"0\" marginwidth=\"0\" marginheight=\"0\" scrolling=\"no\" class=\"wp-embedded-content\"><\/iframe><script type=\"text\/javascript\">\n\/* <![CDATA[ *\/\n\/*! This file is auto-generated *\/\n!function(d,l){\"use strict\";l.querySelector&&d.addEventListener&&\"undefined\"!=typeof URL&&(d.wp=d.wp||{},d.wp.receiveEmbedMessage||(d.wp.receiveEmbedMessage=function(e){var t=e.data;if((t||t.secret||t.message||t.value)&&!\/[^a-zA-Z0-9]\/.test(t.secret)){for(var s,r,n,a=l.querySelectorAll('iframe[data-secret=\"'+t.secret+'\"]'),o=l.querySelectorAll('blockquote[data-secret=\"'+t.secret+'\"]'),c=new RegExp(\"^https?:$\",\"i\"),i=0;i<o.length;i++)o[i].style.display=\"none\";for(i=0;i<a.length;i++)s=a[i],e.source===s.contentWindow&&(s.removeAttribute(\"style\"),\"height\"===t.message?(1e3<(r=parseInt(t.value,10))?r=1e3:~~r<200&&(r=200),s.height=r):\"link\"===t.message&&(r=new URL(s.getAttribute(\"src\")),n=new URL(t.value),c.test(n.protocol))&&n.host===r.host&&l.activeElement===s&&(d.top.location.href=t.value))}},d.addEventListener(\"message\",d.wp.receiveEmbedMessage,!1),l.addEventListener(\"DOMContentLoaded\",function(){for(var e,t,s=l.querySelectorAll(\"iframe.wp-embedded-content\"),r=0;r<s.length;r++)(t=(e=s[r]).getAttribute(\"data-secret\"))||(t=Math.random().toString(36).substring(2,12),e.src+=\"#?secret=\"+t,e.setAttribute(\"data-secret\",t)),e.contentWindow.postMessage({message:\"ready\",secret:t},\"*\")},!1)))}(window,document);\n\/* ]]> *\/\n<\/script>\n","description":"Neue Medien wurden in der Geschichte schon immer \u00e4ngstlich be\u00e4ugt. Zwar antworteten sie auf offenkundige Bed\u00fcrfnisse, sonst h\u00e4tten sie sich ja nicht durchgesetzt. Aber ob nun die Erfindung des Buchdrucks, des Volkstheaters oder des Romans &#8211; die Gruppe der Mahner war nur unwesentlich leiser als die der Fans und Optimisten. Die Vorw\u00fcrfe rangierten dabei von [&hellip;]"}