{"version":"1.0","provider_name":"Nachgesalzen","provider_url":"https:\/\/blog.zeit.de\/nachgesalzen","author_name":"Karl-Josef Fuchs","author_url":"https:\/\/blog.zeit.de\/nachgesalzen\/author\/karl-josef-fuchs","title":"F\u00fcr die n\u00e4rrischen Tage: Semmelkn\u00f6del-Wurstsalat - Nachgesalzen","type":"rich","width":600,"height":338,"html":"<blockquote class=\"wp-embedded-content\" data-secret=\"egTC8JFa96\"><a href=\"https:\/\/blog.zeit.de\/nachgesalzen\/2010\/02\/12\/semmelknodel-wurstsalat_2540\">F\u00fcr die n\u00e4rrischen Tage: Semmelkn\u00f6del-Wurstsalat<\/a><\/blockquote><iframe sandbox=\"allow-scripts\" security=\"restricted\" src=\"https:\/\/blog.zeit.de\/nachgesalzen\/2010\/02\/12\/semmelknodel-wurstsalat_2540\/embed#?secret=egTC8JFa96\" width=\"600\" height=\"338\" title=\"&#8222;F\u00fcr die n\u00e4rrischen Tage: Semmelkn\u00f6del-Wurstsalat&#8220; &#8212; Nachgesalzen\" data-secret=\"egTC8JFa96\" frameborder=\"0\" marginwidth=\"0\" marginheight=\"0\" scrolling=\"no\" class=\"wp-embedded-content\"><\/iframe><script type=\"text\/javascript\">\n\/* <![CDATA[ *\/\n\/*! This file is auto-generated *\/\n!function(d,l){\"use strict\";l.querySelector&&d.addEventListener&&\"undefined\"!=typeof URL&&(d.wp=d.wp||{},d.wp.receiveEmbedMessage||(d.wp.receiveEmbedMessage=function(e){var t=e.data;if((t||t.secret||t.message||t.value)&&!\/[^a-zA-Z0-9]\/.test(t.secret)){for(var s,r,n,a=l.querySelectorAll('iframe[data-secret=\"'+t.secret+'\"]'),o=l.querySelectorAll('blockquote[data-secret=\"'+t.secret+'\"]'),c=new RegExp(\"^https?:$\",\"i\"),i=0;i<o.length;i++)o[i].style.display=\"none\";for(i=0;i<a.length;i++)s=a[i],e.source===s.contentWindow&&(s.removeAttribute(\"style\"),\"height\"===t.message?(1e3<(r=parseInt(t.value,10))?r=1e3:~~r<200&&(r=200),s.height=r):\"link\"===t.message&&(r=new URL(s.getAttribute(\"src\")),n=new URL(t.value),c.test(n.protocol))&&n.host===r.host&&l.activeElement===s&&(d.top.location.href=t.value))}},d.addEventListener(\"message\",d.wp.receiveEmbedMessage,!1),l.addEventListener(\"DOMContentLoaded\",function(){for(var e,t,s=l.querySelectorAll(\"iframe.wp-embedded-content\"),r=0;r<s.length;r++)(t=(e=s[r]).getAttribute(\"data-secret\"))||(t=Math.random().toString(36).substring(2,12),e.src+=\"#?secret=\"+t,e.setAttribute(\"data-secret\",t)),e.contentWindow.postMessage({message:\"ready\",secret:t},\"*\")},!1)))}(window,document);\n\/* ]]> *\/\n<\/script>\n","description":"Ein wunderbares Rezept f\u00fcr alle Tages- und Nachtzeiten w\u00e4hrend der n\u00e4rrischen Tage. Als gute &#8222;Unterlage&#8220; vor dem Zunftabend der Belchengeister &amp; Ch\u00e4sliwiiber M\u00fcnstertal,\u00a0zu sp\u00e4ter Stunde oder als Katerfr\u00fchst\u00fcck, bevor es ins Bett geht. Semmelkn\u00f6del vom Vortag und eine Lyoner werden d\u00fcnn aufgeschnitten und wie auf dem Foto angerichtet (dort habe ich Wildschwein-Lyoner verwendet). Ganz wichtig [&hellip;]","thumbnail_url":"https:\/\/blog.zeit.de\/nachgesalzen\/files\/2010\/02\/semmelknoedelsalat.jpg"}