{"version":"1.0","provider_name":"News-Blog","provider_url":"https:\/\/blog.zeit.de\/newsblog","author_name":"Nachrichtenredaktion","author_url":"https:\/\/blog.zeit.de\/newsblog\/author\/nachrichtenredaktion\/","title":"Die Proteste in \u00c4gypten - News-Blog","type":"rich","width":600,"height":338,"html":"<blockquote class=\"wp-embedded-content\" data-secret=\"Hu0goLuHoY\"><a href=\"https:\/\/blog.zeit.de\/newsblog\/2011\/01\/28\/proteste-in-aegypten\/\">Die Proteste in \u00c4gypten<\/a><\/blockquote><iframe sandbox=\"allow-scripts\" security=\"restricted\" src=\"https:\/\/blog.zeit.de\/newsblog\/2011\/01\/28\/proteste-in-aegypten\/embed\/#?secret=Hu0goLuHoY\" width=\"600\" height=\"338\" title=\"&#8222;Die Proteste in \u00c4gypten&#8220; &#8212; News-Blog\" data-secret=\"Hu0goLuHoY\" frameborder=\"0\" marginwidth=\"0\" marginheight=\"0\" scrolling=\"no\" class=\"wp-embedded-content\"><\/iframe><script type=\"text\/javascript\">\n\/* <![CDATA[ *\/\n\/*! This file is auto-generated *\/\n!function(d,l){\"use strict\";l.querySelector&&d.addEventListener&&\"undefined\"!=typeof URL&&(d.wp=d.wp||{},d.wp.receiveEmbedMessage||(d.wp.receiveEmbedMessage=function(e){var t=e.data;if((t||t.secret||t.message||t.value)&&!\/[^a-zA-Z0-9]\/.test(t.secret)){for(var s,r,n,a=l.querySelectorAll('iframe[data-secret=\"'+t.secret+'\"]'),o=l.querySelectorAll('blockquote[data-secret=\"'+t.secret+'\"]'),c=new RegExp(\"^https?:$\",\"i\"),i=0;i<o.length;i++)o[i].style.display=\"none\";for(i=0;i<a.length;i++)s=a[i],e.source===s.contentWindow&&(s.removeAttribute(\"style\"),\"height\"===t.message?(1e3<(r=parseInt(t.value,10))?r=1e3:~~r<200&&(r=200),s.height=r):\"link\"===t.message&&(r=new URL(s.getAttribute(\"src\")),n=new URL(t.value),c.test(n.protocol))&&n.host===r.host&&l.activeElement===s&&(d.top.location.href=t.value))}},d.addEventListener(\"message\",d.wp.receiveEmbedMessage,!1),l.addEventListener(\"DOMContentLoaded\",function(){for(var e,t,s=l.querySelectorAll(\"iframe.wp-embedded-content\"),r=0;r<s.length;r++)(t=(e=s[r]).getAttribute(\"data-secret\"))||(t=Math.random().toString(36).substring(2,12),e.src+=\"#?secret=\"+t,e.setAttribute(\"data-secret\",t)),e.contentWindow.postMessage({message:\"ready\",secret:t},\"*\")},!1)))}(window,document);\n\/* ]]> *\/\n<\/script>\n","description":"Von Markus Horeld (mh), Tilman Steffen (tst), Karsten Polke-Majewski (kpm), Nicole K\u00f6gler (nk), Christian Bangel (cb), Marcus Gatzke (msg), Wolfgang Blau (wb) 01.38 US-Pr\u00e4sident Obama hat noch am Abend auf die Fernsehansprache des \u00e4gyptischen Pr\u00e4sidenten Mubarak reagiert. In einer kurzen Pressekonferenz sagte Obama, er habe mit Mubarak nach dessen Fernsehansprache telefoniert und ihm gesagt, dass [&hellip;]","thumbnail_url":"https:\/\/blog.zeit.de\/newsblog\/files\/2011\/01\/108478269.jpg"}