{"version":"1.0","provider_name":"Das NSU-Prozess-Blog","provider_url":"https:\/\/blog.zeit.de\/nsu-prozess-blog","author_name":"Tom Sundermann","author_url":"https:\/\/blog.zeit.de\/nsu-prozess-blog\/author\/tsundermann\/","title":"Zsch\u00e4pe geht ein hohes Risiko ein \u2013 Das Medienlog vom Freitag, 18. Juli 2014 - Das NSU-Prozess-Blog","type":"rich","width":600,"height":338,"html":"<blockquote class=\"wp-embedded-content\" data-secret=\"Vdp9ewBjpM\"><a href=\"https:\/\/blog.zeit.de\/nsu-prozess-blog\/2014\/07\/18\/medienlog-zschaepe-schweigen-risiko\/\">Zsch\u00e4pe geht ein hohes Risiko ein \u2013 Das Medienlog vom Freitag, 18. Juli 2014<\/a><\/blockquote><iframe sandbox=\"allow-scripts\" security=\"restricted\" src=\"https:\/\/blog.zeit.de\/nsu-prozess-blog\/2014\/07\/18\/medienlog-zschaepe-schweigen-risiko\/embed\/#?secret=Vdp9ewBjpM\" width=\"600\" height=\"338\" title=\"&#8222;Zsch\u00e4pe geht ein hohes Risiko ein \u2013 Das Medienlog vom Freitag, 18. Juli 2014&#8220; &#8212; Das NSU-Prozess-Blog\" data-secret=\"Vdp9ewBjpM\" frameborder=\"0\" marginwidth=\"0\" marginheight=\"0\" scrolling=\"no\" class=\"wp-embedded-content\"><\/iframe><script type=\"text\/javascript\">\n\/* <![CDATA[ *\/\n\/*! This file is auto-generated *\/\n!function(d,l){\"use strict\";l.querySelector&&d.addEventListener&&\"undefined\"!=typeof URL&&(d.wp=d.wp||{},d.wp.receiveEmbedMessage||(d.wp.receiveEmbedMessage=function(e){var t=e.data;if((t||t.secret||t.message||t.value)&&!\/[^a-zA-Z0-9]\/.test(t.secret)){for(var s,r,n,a=l.querySelectorAll('iframe[data-secret=\"'+t.secret+'\"]'),o=l.querySelectorAll('blockquote[data-secret=\"'+t.secret+'\"]'),c=new RegExp(\"^https?:$\",\"i\"),i=0;i<o.length;i++)o[i].style.display=\"none\";for(i=0;i<a.length;i++)s=a[i],e.source===s.contentWindow&&(s.removeAttribute(\"style\"),\"height\"===t.message?(1e3<(r=parseInt(t.value,10))?r=1e3:~~r<200&&(r=200),s.height=r):\"link\"===t.message&&(r=new URL(s.getAttribute(\"src\")),n=new URL(t.value),c.test(n.protocol))&&n.host===r.host&&l.activeElement===s&&(d.top.location.href=t.value))}},d.addEventListener(\"message\",d.wp.receiveEmbedMessage,!1),l.addEventListener(\"DOMContentLoaded\",function(){for(var e,t,s=l.querySelectorAll(\"iframe.wp-embedded-content\"),r=0;r<s.length;r++)(t=(e=s[r]).getAttribute(\"data-secret\"))||(t=Math.random().toString(36).substring(2,12),e.src+=\"#?secret=\"+t,e.setAttribute(\"data-secret\",t)),e.contentWindow.postMessage({message:\"ready\",secret:t},\"*\")},!1)))}(window,document);\n\/* ]]> *\/\n<\/script>\n","description":"Beate Zsch\u00e4pe vertraut ihren Verteidigern nicht mehr \u2013 unklar ist, welche Folgen das f\u00fcr den NSU-Prozess hat. Vorerst wird die Verhandlung wie geplant fortgesetzt. Zudem bekam Zsch\u00e4pe eine Verl\u00e4ngerung f\u00fcr die Frist, innerhalb der sie begr\u00fcnden muss, weswegen sie nicht mehr mit ihren Anw\u00e4lten zusammenarbeiten kann. Ist die bislang ausge\u00fcbte Strategie des Schweigens ein Grund [&hellip;]"}