{"version":"1.0","provider_name":"Das NSU-Prozess-Blog","provider_url":"https:\/\/blog.zeit.de\/nsu-prozess-blog","author_name":"Tom Sundermann","author_url":"https:\/\/blog.zeit.de\/nsu-prozess-blog\/author\/tsundermann\/","title":"NSU-Ankl\u00e4ger f\u00fchren geheime Ermittlungen \u2013 Das Medienlog vom Montag, 18. April 2016 - Das NSU-Prozess-Blog","type":"rich","width":600,"height":338,"html":"<blockquote class=\"wp-embedded-content\" data-secret=\"cDORVSX1Ls\"><a href=\"https:\/\/blog.zeit.de\/nsu-prozess-blog\/2016\/04\/18\/medienlog-bundesanwaltschaft-ermittlungen-nsu\/\">NSU-Ankl\u00e4ger f\u00fchren geheime Ermittlungen \u2013 Das Medienlog vom Montag, 18. April 2016<\/a><\/blockquote><iframe sandbox=\"allow-scripts\" security=\"restricted\" src=\"https:\/\/blog.zeit.de\/nsu-prozess-blog\/2016\/04\/18\/medienlog-bundesanwaltschaft-ermittlungen-nsu\/embed\/#?secret=cDORVSX1Ls\" width=\"600\" height=\"338\" title=\"&#8222;NSU-Ankl\u00e4ger f\u00fchren geheime Ermittlungen \u2013 Das Medienlog vom Montag, 18. April 2016&#8220; &#8212; Das NSU-Prozess-Blog\" data-secret=\"cDORVSX1Ls\" frameborder=\"0\" marginwidth=\"0\" marginheight=\"0\" scrolling=\"no\" class=\"wp-embedded-content\"><\/iframe><script type=\"text\/javascript\">\n\/* <![CDATA[ *\/\n\/*! This file is auto-generated *\/\n!function(d,l){\"use strict\";l.querySelector&&d.addEventListener&&\"undefined\"!=typeof URL&&(d.wp=d.wp||{},d.wp.receiveEmbedMessage||(d.wp.receiveEmbedMessage=function(e){var t=e.data;if((t||t.secret||t.message||t.value)&&!\/[^a-zA-Z0-9]\/.test(t.secret)){for(var s,r,n,a=l.querySelectorAll('iframe[data-secret=\"'+t.secret+'\"]'),o=l.querySelectorAll('blockquote[data-secret=\"'+t.secret+'\"]'),c=new RegExp(\"^https?:$\",\"i\"),i=0;i<o.length;i++)o[i].style.display=\"none\";for(i=0;i<a.length;i++)s=a[i],e.source===s.contentWindow&&(s.removeAttribute(\"style\"),\"height\"===t.message?(1e3<(r=parseInt(t.value,10))?r=1e3:~~r<200&&(r=200),s.height=r):\"link\"===t.message&&(r=new URL(s.getAttribute(\"src\")),n=new URL(t.value),c.test(n.protocol))&&n.host===r.host&&l.activeElement===s&&(d.top.location.href=t.value))}},d.addEventListener(\"message\",d.wp.receiveEmbedMessage,!1),l.addEventListener(\"DOMContentLoaded\",function(){for(var e,t,s=l.querySelectorAll(\"iframe.wp-embedded-content\"),r=0;r<s.length;r++)(t=(e=s[r]).getAttribute(\"data-secret\"))||(t=Math.random().toString(36).substring(2,12),e.src+=\"#?secret=\"+t,e.setAttribute(\"data-secret\",t)),e.contentWindow.postMessage({message:\"ready\",secret:t},\"*\")},!1)))}(window,document);\n\/* ]]> *\/\n<\/script>\n","description":"Im NSU-Komplex laufen weiter intensive Ermittlungen der Bundesanwaltschaft \u2013 allerdings im Geheimen: Vor Richtern, Anw\u00e4lten und der \u00d6ffentlichkeit verborgen untersucht die Anklagebeh\u00f6rde unter anderem die Rolle der Geheimdienste im NSU-Fall, wie ein Autorenteam um Stefan Aust in der Welt am Sonntag berichtete. Vernommen wurden darin auch etliche V-M\u00e4nner mehrerer Verfassungsschutz\u00e4mter. &#8222;Die Verschleierung erscheint systematisch&#8220;, hei\u00dft [&hellip;]"}