{"version":"1.0","provider_name":"Data Blog","provider_url":"https:\/\/blog.zeit.de\/open-data","author_name":"Andreas Loos und Sascha Venohr","author_url":"https:\/\/blog.zeit.de\/open-data\/author\/sascha-venohr\/","title":"Die katholische Weltkarte - Data Blog","type":"rich","width":600,"height":338,"html":"<blockquote class=\"wp-embedded-content\" data-secret=\"MqoXDF6h3M\"><a href=\"https:\/\/blog.zeit.de\/open-data\/2013\/03\/13\/die-katholische-weltkarte\/\">Die katholische Weltkarte<\/a><\/blockquote><iframe sandbox=\"allow-scripts\" security=\"restricted\" src=\"https:\/\/blog.zeit.de\/open-data\/2013\/03\/13\/die-katholische-weltkarte\/embed\/#?secret=MqoXDF6h3M\" width=\"600\" height=\"338\" title=\"&#8222;Die katholische Weltkarte&#8220; &#8212; Data Blog\" data-secret=\"MqoXDF6h3M\" frameborder=\"0\" marginwidth=\"0\" marginheight=\"0\" scrolling=\"no\" class=\"wp-embedded-content\"><\/iframe><script type=\"text\/javascript\">\n\/* <![CDATA[ *\/\n\/*! This file is auto-generated *\/\n!function(d,l){\"use strict\";l.querySelector&&d.addEventListener&&\"undefined\"!=typeof URL&&(d.wp=d.wp||{},d.wp.receiveEmbedMessage||(d.wp.receiveEmbedMessage=function(e){var t=e.data;if((t||t.secret||t.message||t.value)&&!\/[^a-zA-Z0-9]\/.test(t.secret)){for(var s,r,n,a=l.querySelectorAll('iframe[data-secret=\"'+t.secret+'\"]'),o=l.querySelectorAll('blockquote[data-secret=\"'+t.secret+'\"]'),c=new RegExp(\"^https?:$\",\"i\"),i=0;i<o.length;i++)o[i].style.display=\"none\";for(i=0;i<a.length;i++)s=a[i],e.source===s.contentWindow&&(s.removeAttribute(\"style\"),\"height\"===t.message?(1e3<(r=parseInt(t.value,10))?r=1e3:~~r<200&&(r=200),s.height=r):\"link\"===t.message&&(r=new URL(s.getAttribute(\"src\")),n=new URL(t.value),c.test(n.protocol))&&n.host===r.host&&l.activeElement===s&&(d.top.location.href=t.value))}},d.addEventListener(\"message\",d.wp.receiveEmbedMessage,!1),l.addEventListener(\"DOMContentLoaded\",function(){for(var e,t,s=l.querySelectorAll(\"iframe.wp-embedded-content\"),r=0;r<s.length;r++)(t=(e=s[r]).getAttribute(\"data-secret\"))||(t=Math.random().toString(36).substring(2,12),e.src+=\"#?secret=\"+t,e.setAttribute(\"data-secret\",t)),e.contentWindow.postMessage({message:\"ready\",secret:t},\"*\")},!1)))}(window,document);\n\/* ]]> *\/\n<\/script>\n","description":"Der r\u00f6misch-katholischen Kirche geh\u00f6ren weltweit etwa 1,2 Milliarden Menschen an. Sie alle blicken derzeit nach Rom, wo 115 Kardin\u00e4le aus ihrer Mitte den Nachfolger von Papst Benedikt XVI. w\u00e4hlen. Viele Gl\u00e4ubige hoffen, dass dann erstmals ein nicht-europ\u00e4ischer Pontifex die Kirche f\u00fchren wird \u2013 offensichtlich ein l\u00e4ngst \u00fcberf\u00e4lliger Schritt, wie unsere katholische Weltkarte zeigt. Bereits 41 [&hellip;]","thumbnail_url":"https:\/\/blog.zeit.de\/open-data\/files\/2013\/03\/katholische_karte580blog.jpg"}