{"version":"1.0","provider_name":"Radikale Ansichten","provider_url":"https:\/\/blog.zeit.de\/radikale-ansichten","author_name":"Yassin Musharbash","author_url":"https:\/\/blog.zeit.de\/radikale-ansichten\/author\/ymusharbash\/","title":"Mehr als 50 Deutsche k\u00e4mpfen in Syrien - Radikale Ansichten","type":"rich","width":600,"height":338,"html":"<blockquote class=\"wp-embedded-content\" data-secret=\"h736wb659w\"><a href=\"https:\/\/blog.zeit.de\/radikale-ansichten\/2013\/05\/14\/mehr-als-50-deutsche-kampfen-in-syrien\/\">Mehr als 50 Deutsche k\u00e4mpfen in Syrien<\/a><\/blockquote><iframe sandbox=\"allow-scripts\" security=\"restricted\" src=\"https:\/\/blog.zeit.de\/radikale-ansichten\/2013\/05\/14\/mehr-als-50-deutsche-kampfen-in-syrien\/embed\/#?secret=h736wb659w\" width=\"600\" height=\"338\" title=\"&#8222;Mehr als 50 Deutsche k\u00e4mpfen in Syrien&#8220; &#8212; Radikale Ansichten\" data-secret=\"h736wb659w\" frameborder=\"0\" marginwidth=\"0\" marginheight=\"0\" scrolling=\"no\" class=\"wp-embedded-content\"><\/iframe><script type=\"text\/javascript\">\n\/* <![CDATA[ *\/\n\/*! This file is auto-generated *\/\n!function(d,l){\"use strict\";l.querySelector&&d.addEventListener&&\"undefined\"!=typeof URL&&(d.wp=d.wp||{},d.wp.receiveEmbedMessage||(d.wp.receiveEmbedMessage=function(e){var t=e.data;if((t||t.secret||t.message||t.value)&&!\/[^a-zA-Z0-9]\/.test(t.secret)){for(var s,r,n,a=l.querySelectorAll('iframe[data-secret=\"'+t.secret+'\"]'),o=l.querySelectorAll('blockquote[data-secret=\"'+t.secret+'\"]'),c=new RegExp(\"^https?:$\",\"i\"),i=0;i<o.length;i++)o[i].style.display=\"none\";for(i=0;i<a.length;i++)s=a[i],e.source===s.contentWindow&&(s.removeAttribute(\"style\"),\"height\"===t.message?(1e3<(r=parseInt(t.value,10))?r=1e3:~~r<200&&(r=200),s.height=r):\"link\"===t.message&&(r=new URL(s.getAttribute(\"src\")),n=new URL(t.value),c.test(n.protocol))&&n.host===r.host&&l.activeElement===s&&(d.top.location.href=t.value))}},d.addEventListener(\"message\",d.wp.receiveEmbedMessage,!1),l.addEventListener(\"DOMContentLoaded\",function(){for(var e,t,s=l.querySelectorAll(\"iframe.wp-embedded-content\"),r=0;r<s.length;r++)(t=(e=s[r]).getAttribute(\"data-secret\"))||(t=Math.random().toString(36).substring(2,12),e.src+=\"#?secret=\"+t,e.setAttribute(\"data-secret\",t)),e.contentWindow.postMessage({message:\"ready\",secret:t},\"*\")},!1)))}(window,document);\n\/* ]]> *\/\n<\/script>\n","description":"Das Bundesamt f\u00fcr Verfassungsschutz (BfV) hat seine Sch\u00e4tzungen \u00fcber die Zahl deutscher Teilnehmer am syrischen B\u00fcrgerkrieg aktualisiert: &#8222;Es liegen derzeit Erkenntnisse zu mehr als f\u00fcnfzig deutschen Islamisten bzw. Islamisten aus Deutschland vor, die in Richtung Syrien ausgereist sind, um dort beispielsweise an Kampfhandlungen teilzunehmen oder den Widerstand gegen das Assad-Regime in sonstiger Weise zu unterst\u00fctzen&#8220;, [&hellip;]"}