{"id":2567,"date":"2010-12-03T11:40:49","date_gmt":"2010-12-03T10:40:49","guid":{"rendered":"http:\/\/blog.zeit.de\/schueler\/"},"modified":"2015-02-13T16:31:31","modified_gmt":"2015-02-13T15:31:31","slug":"geschichte","status":"publish","type":"page","link":"https:\/\/blog.zeit.de\/schueler\/geschichte\/","title":{"rendered":"Episoden der Geschichte Europas"},"content":{"rendered":"<p>&nbsp;<\/p>\n<h3><a href=\"https:\/\/blog.zeit.de\/schueler\/2010\/07\/21\/thema-das-mittelalter\/\">Das Mittelalter<\/a><\/h3>\n<p><a href=\"https:\/\/blog.zeit.de\/schueler\/2010\/07\/21\/thema-das-mittelalter\/\"><img loading=\"lazy\" decoding=\"async\" class=\"alignleft size-full wp-image-340\" title=\"mittelalter cannes klein\" src=\"https:\/\/blog.zeit.de\/schueler\/files\/2010\/07\/mittelalter-cannes-klein.jpg\" alt=\"\" width=\"148\" height=\"84\" \/><\/a> Die Epoche des Mittelalters liegt zwischen der Antike und der Neuzeit und reicht vom 6. bis ins 15. Jahrhundert. \u00dcber den genauen Beginn und das Ende des Mittelalters gibt es jedoch unter Historikern verschiedene Ansichten. Anders als in der Antike spielte im Mittelalter weniger der griechisch-r\u00f6misch gepr\u00e4gte Mittelmeerraum eine dominante Rolle, stattdessen entstanden in Europa mehrere christlich gepr\u00e4gte Feudalstaaten, deren Gesellschaft nach St\u00e4nden geordnet war: Es gab Angeh\u00f6rige des Klerus, des Adels, und B\u00fcrger und Bauern. <a href=\"https:\/\/blog.zeit.de\/schueler\/2010\/07\/21\/thema-das-mittelalter\/\">[Zum Dossier]<\/a><\/p>\n<h3><a href=\"https:\/\/blog.zeit.de\/schueler\/2010\/08\/31\/thema-fruhe-neuzeit\/\">Die Fr\u00fche Neuzeit<\/a><\/h3>\n<p><a href=\"https:\/\/blog.zeit.de\/schueler\/2010\/08\/31\/thema-fruhe-neuzeit\/\"><img loading=\"lazy\" decoding=\"async\" class=\"alignleft size-full wp-image-2573\" title=\"zfds-neuzeit-148x84\" src=\"https:\/\/blog.zeit.de\/schueler\/files\/2010\/12\/zfds-neuzeit-148x84.jpg\" alt=\"\" width=\"148\" height=\"84\" \/><\/a>Als Fr\u00fche Neuzeit wird die Epoche zwischen Mittelalter und Moderne bezeichnet. Historiker stimmen darin \u00fcberein, dass der Beginn der Fr\u00fchen Neuzeit von mehreren entscheidenden Ereignissen gepr\u00e4gt ist, unter anderem von der Entdeckung Amerikas, der Erfindung des Buchdrucks und der Reformation. <a href=\"https:\/\/blog.zeit.de\/schueler\/2010\/08\/31\/thema-fruhe-neuzeit\/\">[Zum Dossier]<\/a><\/p>\n<h3><a href=\"https:\/\/blog.zeit.de\/schueler\/2015\/02\/12\/deutschland-im-19-jahrhundert\/\">Deutschland im 19. Jahrhundert<\/a><\/h3>\n<p><a href=\"https:\/\/blog.zeit.de\/schueler\/2015\/02\/12\/deutschland-im-19-jahrhundert\/\"><img loading=\"lazy\" decoding=\"async\" class=\"alignleft size-full wp-image-6274\" title=\"Freed Slaves\" src=\"https:\/\/blog.zeit.de\/schueler\/files\/2015\/02\/Sands_Hinrichtung.png\" alt=\"\" width=\"148\" height=\"84\" \/><\/a>Einleitung in die Geschichte einer besonders ereignisreichen Epoche: Unser \u00dcberblick behandelt viele der Entwicklungen, die sich binnen des 19. Jahrhunderts in Deutschland ereigneten \u2013 und bis in seine Gegenwart wirken.\u00a0<a href=\"https:\/\/blog.zeit.de\/schueler\/2012\/03\/30\/kolonialismus\/\">[Zum Dossier]<\/p>\n<h3><a href=\"https:\/\/blog.zeit.de\/schueler\/2012\/03\/30\/kolonialismus\/\">Kolonialismus<\/a><\/h3>\n<p><a href=\"https:\/\/blog.zeit.de\/schueler\/2012\/03\/30\/kolonialismus\/\"><img loading=\"lazy\" decoding=\"async\" class=\"alignleft size-full wp-image-4254\" title=\"Freed Slaves\" src=\"https:\/\/blog.zeit.de\/schueler\/files\/2010\/12\/slaves148-841.jpg\" alt=\"\" width=\"148\" height=\"84\" \/><\/a>Die Hochzeit des neuzeitlichen Kolonialismus begann Ende des 15. Jahrhunderts und reichte bis in die erste H\u00e4lfte des 20. Jahrhunderts. Dass die Europ\u00e4er auf die Idee kamen, L\u00e4nder au\u00dferhalb Europas zu erkunden, f\u00fcr den Handel zu erschlie\u00dfen und die Herrschaft \u00fcber die Bev\u00f6lkerung zu beanspruchen, hatte verschiedene Gr\u00fcnde.\u00a0<a href=\"https:\/\/blog.zeit.de\/schueler\/2012\/03\/30\/kolonialismus\/\">[Zum Dossier]<br \/>\n<\/a><\/p>\n<h3><a href=\"https:\/\/blog.zeit.de\/schueler\/2010\/07\/16\/thema-aufklarung\/\">Die Revolutionen im 18. und 19. Jahrhundert<\/a><\/h3>\n<p><a href=\"https:\/\/blog.zeit.de\/schueler\/2010\/07\/16\/thema-aufklarung\/\"><img loading=\"lazy\" decoding=\"async\" class=\"alignleft size-full wp-image-2579\" title=\"zfds-revolution-148x84\" src=\"https:\/\/blog.zeit.de\/schueler\/files\/2010\/12\/zfds-revolution-148x84.jpg\" alt=\"\" width=\"148\" height=\"84\" \/><\/a> Die Franz\u00f6sische Revolution im Jahr 1789 hat bis heute enorme Nachwirkungen: Nichts Geringeres als die Menschen- und B\u00fcrgerrechte, die noch heute von den Vereinten Nationen eingefordert werden, wurden am 26. August 1789 verk\u00fcndet. Der Kampf der Franzosen gegen den damaligen feudalabsolutistischen St\u00e4ndestaat sowie der Einsatz f\u00fcr die Werte und Ideen der Aufkl\u00e4rung bereiten schlie\u00dflich den Weg f\u00fcr das Europ\u00e4ische Revolutionsjahr 1848 <a href=\"https:\/\/blog.zeit.de\/schueler\/2010\/07\/16\/thema-aufklarung\/\">[Zum Dossier]<\/a><\/p>\n<h3><a href=\"https:\/\/blog.zeit.de\/schueler\/2014\/01\/23\/industrialisierung-geschichte-revolution\/\">Die Industrielle Revolution<\/a><\/h3>\n<p><a href=\"https:\/\/blog.zeit.de\/schueler\/2014\/01\/23\/industrialisierung-geschichte-revolution\/\"><img loading=\"lazy\" decoding=\"async\" class=\"alignleft size-full wp-image-2581\" title=\"industrielle-revolution-148x84\" src=\"https:\/\/blog.zeit.de\/schueler\/files\/2010\/12\/industrielle-revolution-148x84.jpg\" alt=\"\" width=\"148\" height=\"84\" \/><\/a>Ob Transport von G\u00fctern oder ihre Herstellung \u2013 vor der Industrialisierung musste das meiste, was die Menschen herstellen oder bewegen wollten, durch Muskelkraft geschehen. Die Erfindung und Weiterentwicklung der Dampfmaschine brachte schlie\u00dflich den Wandel. In der Phase der Fr\u00fchindustrialisierung zwischen 1800 und 1849 wurde auch in Deutschland die Produktion von G\u00fctern unter anderem durch den Einsatz mechanischer Webst\u00fchle und Baumwollspinnereien effizienter und schneller. <a href=\"https:\/\/blog.zeit.de\/schueler\/2014\/01\/23\/industrialisierung-geschichte-revolution\/\">[Zum Dossier]<\/a><\/p>\n<h3><a href=\"https:\/\/blog.zeit.de\/schueler\/2010\/09\/01\/thema-das-kaiserreich-1871-1918\/\">Das Deutsche Kaiserreich<\/a><\/h3>\n<p><a href=\"https:\/\/blog.zeit.de\/schueler\/2010\/09\/01\/thema-das-kaiserreich-1871-1918\/\"><img loading=\"lazy\" decoding=\"async\" class=\"alignleft size-full wp-image-2586\" title=\"kaiser-wilhelm-kaiserreich-148x84\" src=\"https:\/\/blog.zeit.de\/schueler\/files\/2010\/12\/kaiser-wilhelm-kaiserreich-148x84.jpg\" alt=\"\" width=\"148\" height=\"84\" \/><\/a>Mit der Gr\u00fcndung des Deutschen Kaiserreichs war am 18. Januar 1871 der erste deutsche Nationalstaat entstanden, im Spiegelsaal von Versailles wurde der preu\u00dfische K\u00f6nig Wilhelm I. zum Deutschen Kaiser ernannt. Das Kaiserreich war eine konstitutionelle Monarchie: Kaiser Wilhelm I. setzte den ersten Reichskanzler ein, Otto von Bismarck, der wiederum der Regierung vorstand. <a href=\"https:\/\/blog.zeit.de\/schueler\/2010\/09\/01\/thema-das-kaiserreich-1871-1918\/\">[Zum Dossier]<\/a><\/p>\n<h3><a href=\"https:\/\/blog.zeit.de\/schueler\/2010\/09\/06\/erste-weltkrieg-ursachen-verlauf\/\">Der Erste Weltkrieg 1914 \u2013 1918<\/a><\/h3>\n<p><a href=\"https:\/\/blog.zeit.de\/schueler\/2010\/09\/06\/erste-weltkrieg-ursachen-verlauf\/\"><img loading=\"lazy\" decoding=\"async\" class=\"alignleft size-full wp-image-2232\" title=\"erster weltkrieg\" src=\"https:\/\/blog.zeit.de\/schueler\/files\/2010\/07\/erster-weltkrieg.jpg\" alt=\"\" width=\"148\" height=\"84\" \/><\/a>Am Anfang des Ersten Weltkrieges stand ein Attentat: Einen Monat nachdem der \u00f6sterreichisch-ungarische Thronfolger Franz Ferdinand und seine Ehefrau Sophie am 28. Juni 1914 in Sarajevo ermordet wurden, erkl\u00e4rte \u00d6sterreich-Ungarn sp\u00e4ter Serbien den Krieg. Die Ereignisse beschleunigten sich, als Russland am 30. Juli die Generalmobilmachung seiner Armee zur Unterst\u00fctzung Serbiens befahl <a href=\"https:\/\/blog.zeit.de\/schueler\/2010\/09\/06\/erste-weltkrieg-ursachen-verlauf\/\">[Zum Dossier]<\/a><\/p>\n<h3><a href=\"https:\/\/blog.zeit.de\/schueler\/2010\/09\/08\/thema-weimarer-republik-1919-bis-1933\/\">Die Weimarer Republik<\/a><\/h3>\n<p><a href=\"https:\/\/blog.zeit.de\/schueler\/2010\/09\/08\/thema-weimarer-republik-1919-bis-1933\/\"><img loading=\"lazy\" decoding=\"async\" class=\"alignleft size-full wp-image-2482\" title=\"zfds-weimarer-republik-148x84\" src=\"https:\/\/blog.zeit.de\/schueler\/files\/2010\/07\/zfds-weimarer-republik-148x84.jpg\" alt=\"\" width=\"148\" height=\"84\" \/><\/a>Das Deutsche Reich hatte den Ersten Weltkrieg verloren \u2013 die alliierten Kriegsgegner Frankreich, England, Italien und die USA, machten es bei Kriegsende im Jahr 1918 zur Bedingung f\u00fcr die Friedensverhandlungen, dass Deutschland gleichzeitig demokratische Reformen durchf\u00fchrte. Am 9. November wurde die Abdankung Kaiser Wilhelm II. verk\u00fcndet und die Regierungsgewalt auf den neuen sozialdemokratischen Reichskanzler Friedrich Ebert \u00fcbertragen. <a href=\"https:\/\/blog.zeit.de\/schueler\/2010\/09\/08\/thema-weimarer-republik-1919-bis-1933\/\">[Zum Dossier]<\/a><\/p>\n<h3><a href=\"https:\/\/blog.zeit.de\/schueler\/2010\/07\/11\/thema-der-nationalsozialismus\/\">Der Nationalsozialismus<\/a><\/h3>\n<p><a href=\"https:\/\/blog.zeit.de\/schueler\/2010\/07\/11\/thema-der-nationalsozialismus\/\"><img loading=\"lazy\" decoding=\"async\" class=\"alignleft size-full wp-image-2592\" title=\"hitler-orden-148x84\" src=\"https:\/\/blog.zeit.de\/schueler\/files\/2010\/12\/hitler-orden-148x84.jpg\" alt=\"\" width=\"148\" height=\"84\" \/><\/a>Der Nationalsozialismus war eine politische Bewegung und Weltanschauung, die sich nach Ende des Ersten Weltkriegs 1918 w\u00e4hrend der Zeit der Weimarer Republik in Deutschland entwickelte. Seine Anh\u00e4nger vertraten radikal antisemitische, antikommunistische und antidemokratische Positionen. Schon zuvor hatte es durch die \u201cV\u00f6lkische Bewegung\u201d deutschnationale Bestrebungen gegeben. <a href=\"https:\/\/blog.zeit.de\/schueler\/2010\/07\/11\/thema-der-nationalsozialismus\/\">[Zum Dossier]<\/a><\/p>\n<h3><a href=\"https:\/\/blog.zeit.de\/schueler\/2010\/09\/09\/thema-deutschland-1949-1990\/\/\">Deutschland 1949-1990<\/a><\/h3>\n<p><a href=\"https:\/\/blog.zeit.de\/schueler\/2010\/09\/09\/thema-deutschland-1949-1990\/\"><img loading=\"lazy\" decoding=\"async\" class=\"alignleft size-full wp-image-2597\" title=\"deutschland-148x84\" src=\"https:\/\/blog.zeit.de\/schueler\/files\/2010\/12\/deutschland-148x84.jpg\" alt=\"\" width=\"148\" height=\"84\" \/><\/a>Der zweite Weltkrieg hatte am 8. Mai 1945 mit der bedingungslosen Kapitulation Deutschlands geendet. Das Land war nun zwischen den Siegerm\u00e4chten USA, Gro\u00dfbritannien, Frankreich und der Sowjetunion in vier Besatzungszonen aufgeteilt, auch die Hauptstadt Berlin wurde in vier Sektoren geteilt. Im Zeichen des erstarkenden Ost-West-Konflikts kam es 1949 schlie\u00dflich zur Gr\u00fcndung zweier neuer deutscher Staaten: Der Bundesrepublik Deutschland (BRD) in den ehemaligen West-Besatzungszonen und der Deutschen Demokratischen Republik (DDR) in der ehemaligen Ost-Besatzungszone <a href=\"https:\/\/blog.zeit.de\/schueler\/2010\/09\/09\/thema-deutschland-1949-1990\/\/\">[Zum Dossier]<\/a><\/p>\n<h3><a href=\"https:\/\/blog.zeit.de\/schueler\/2010\/07\/12\/thema-deutschland-198990\/\">Die Deutsche Einheit 1989\/1990<\/a><\/h3>\n<p><a href=\"https:\/\/blog.zeit.de\/schueler\/2010\/07\/12\/thema-deutschland-198990\/\"><img loading=\"lazy\" decoding=\"async\" class=\"alignleft size-full wp-image-178\" title=\"mauer\" src=\"https:\/\/blog.zeit.de\/schueler\/files\/2010\/07\/mauer1.jpg\" alt=\"\" width=\"148\" height=\"84\" \/><\/a> Am 9. November 1989 erreicht die B\u00fcrger der Deutschen Demokratischen Republik (DDR) eine \u00fcberraschende Nachricht: Sie d\u00fcrfen ausreisen, erkl\u00e4rt G\u00fcnter Schabowski auf einer Pressekonferenz der SED, die Grenz\u00fcberg\u00e4nge werden ge\u00f6ffnet, und zwar &#8222;ab sofort&#8220;. Nun str\u00f6mten Tausende noch in der Nacht \u00fcber die offenen Grenzen in Berlin. <a href=\"https:\/\/blog.zeit.de\/schueler\/2010\/07\/12\/thema-deutschland-198990\/\">[Zum Dossier]<\/a><\/p>\n","protected":false},"excerpt":{"rendered":"<p>&nbsp; Das Mittelalter Die Epoche des Mittelalters liegt zwischen der Antike und der Neuzeit und reicht vom 6. bis ins 15. Jahrhundert. \u00dcber den genauen Beginn und das Ende des Mittelalters gibt es jedoch unter Historikern verschiedene Ansichten. Anders als in der Antike spielte im Mittelalter weniger der griechisch-r\u00f6misch gepr\u00e4gte Mittelmeerraum eine dominante Rolle, stattdessen [&hellip;]<\/p>\n","protected":false},"author":192,"featured_media":0,"parent":0,"menu_order":0,"comment_status":"closed","ping_status":"closed","template":"","meta":{"footnotes":""},"class_list":["post-2567","page","type-page","status-publish","hentry"],"yoast_head":"<!-- This site is optimized with the Yoast SEO plugin v21.0 - https:\/\/yoast.com\/wordpress\/plugins\/seo\/ -->\n<title>Episoden der Geschichte Europas - Lernplattform<\/title>\n<meta name=\"robots\" content=\"index, follow, max-snippet:-1, max-image-preview:large, max-video-preview:-1\" \/>\n<link rel=\"canonical\" href=\"https:\/\/blog.zeit.de\/schueler\/geschichte\/\" \/>\n<meta property=\"og:locale\" content=\"de_DE\" \/>\n<meta property=\"og:type\" content=\"article\" \/>\n<meta property=\"og:title\" content=\"Episoden der Geschichte Europas - Lernplattform\" \/>\n<meta property=\"og:description\" content=\"&nbsp; Das Mittelalter Die Epoche des Mittelalters liegt zwischen der Antike und der Neuzeit und reicht vom 6. bis ins 15. Jahrhundert. \u00dcber den genauen Beginn und das Ende des Mittelalters gibt es jedoch unter Historikern verschiedene Ansichten. Anders als in der Antike spielte im Mittelalter weniger der griechisch-r\u00f6misch gepr\u00e4gte Mittelmeerraum eine dominante Rolle, stattdessen [&hellip;]\" \/>\n<meta property=\"og:url\" content=\"https:\/\/blog.zeit.de\/schueler\/geschichte\/\" \/>\n<meta property=\"og:site_name\" content=\"Lernplattform\" \/>\n<meta property=\"article:modified_time\" content=\"2015-02-13T15:31:31+00:00\" \/>\n<meta property=\"og:image\" content=\"https:\/\/blog.zeit.de\/schueler\/files\/2010\/07\/mittelalter-cannes-klein.jpg\" \/>\n<meta name=\"twitter:label1\" content=\"Gesch\u00e4tzte Lesezeit\" \/>\n\t<meta name=\"twitter:data1\" content=\"4\u00a0Minuten\" \/>\n<script type=\"application\/ld+json\" class=\"yoast-schema-graph\">{\"@context\":\"https:\/\/schema.org\",\"@graph\":[{\"@type\":\"WebPage\",\"@id\":\"https:\/\/blog.zeit.de\/schueler\/geschichte\/\",\"url\":\"https:\/\/blog.zeit.de\/schueler\/geschichte\/\",\"name\":\"Episoden der Geschichte Europas - Lernplattform\",\"isPartOf\":{\"@id\":\"https:\/\/blog.zeit.de\/schueler\/#website\"},\"datePublished\":\"2010-12-03T10:40:49+00:00\",\"dateModified\":\"2015-02-13T15:31:31+00:00\",\"breadcrumb\":{\"@id\":\"https:\/\/blog.zeit.de\/schueler\/geschichte\/#breadcrumb\"},\"inLanguage\":\"de\",\"potentialAction\":[{\"@type\":\"ReadAction\",\"target\":[\"https:\/\/blog.zeit.de\/schueler\/geschichte\/\"]}]},{\"@type\":\"BreadcrumbList\",\"@id\":\"https:\/\/blog.zeit.de\/schueler\/geschichte\/#breadcrumb\",\"itemListElement\":[{\"@type\":\"ListItem\",\"position\":1,\"name\":\"Startseite\",\"item\":\"https:\/\/blog.zeit.de\/schueler\/\"},{\"@type\":\"ListItem\",\"position\":2,\"name\":\"Episoden der Geschichte Europas\"}]},{\"@type\":\"WebSite\",\"@id\":\"https:\/\/blog.zeit.de\/schueler\/#website\",\"url\":\"https:\/\/blog.zeit.de\/schueler\/\",\"name\":\"Lernplattform\",\"description\":\"Die besten Texte, Videos und Links f\u00fcr den Unterricht zur Verf\u00fcgung gestellt von ZEIT f\u00fcr die Schule\",\"potentialAction\":[{\"@type\":\"SearchAction\",\"target\":{\"@type\":\"EntryPoint\",\"urlTemplate\":\"https:\/\/blog.zeit.de\/schueler\/?s={search_term_string}\"},\"query-input\":\"required name=search_term_string\"}],\"inLanguage\":\"de\"}]}<\/script>\n<!-- \/ Yoast SEO plugin. -->","yoast_head_json":{"title":"Episoden der Geschichte Europas - Lernplattform","robots":{"index":"index","follow":"follow","max-snippet":"max-snippet:-1","max-image-preview":"max-image-preview:large","max-video-preview":"max-video-preview:-1"},"canonical":"https:\/\/blog.zeit.de\/schueler\/geschichte\/","og_locale":"de_DE","og_type":"article","og_title":"Episoden der Geschichte Europas - Lernplattform","og_description":"&nbsp; Das Mittelalter Die Epoche des Mittelalters liegt zwischen der Antike und der Neuzeit und reicht vom 6. bis ins 15. Jahrhundert. \u00dcber den genauen Beginn und das Ende des Mittelalters gibt es jedoch unter Historikern verschiedene Ansichten. Anders als in der Antike spielte im Mittelalter weniger der griechisch-r\u00f6misch gepr\u00e4gte Mittelmeerraum eine dominante Rolle, stattdessen [&hellip;]","og_url":"https:\/\/blog.zeit.de\/schueler\/geschichte\/","og_site_name":"Lernplattform","article_modified_time":"2015-02-13T15:31:31+00:00","og_image":[{"url":"https:\/\/blog.zeit.de\/schueler\/files\/2010\/07\/mittelalter-cannes-klein.jpg"}],"twitter_misc":{"Gesch\u00e4tzte Lesezeit":"4\u00a0Minuten"},"schema":{"@context":"https:\/\/schema.org","@graph":[{"@type":"WebPage","@id":"https:\/\/blog.zeit.de\/schueler\/geschichte\/","url":"https:\/\/blog.zeit.de\/schueler\/geschichte\/","name":"Episoden der Geschichte Europas - Lernplattform","isPartOf":{"@id":"https:\/\/blog.zeit.de\/schueler\/#website"},"datePublished":"2010-12-03T10:40:49+00:00","dateModified":"2015-02-13T15:31:31+00:00","breadcrumb":{"@id":"https:\/\/blog.zeit.de\/schueler\/geschichte\/#breadcrumb"},"inLanguage":"de","potentialAction":[{"@type":"ReadAction","target":["https:\/\/blog.zeit.de\/schueler\/geschichte\/"]}]},{"@type":"BreadcrumbList","@id":"https:\/\/blog.zeit.de\/schueler\/geschichte\/#breadcrumb","itemListElement":[{"@type":"ListItem","position":1,"name":"Startseite","item":"https:\/\/blog.zeit.de\/schueler\/"},{"@type":"ListItem","position":2,"name":"Episoden der Geschichte Europas"}]},{"@type":"WebSite","@id":"https:\/\/blog.zeit.de\/schueler\/#website","url":"https:\/\/blog.zeit.de\/schueler\/","name":"Lernplattform","description":"Die besten Texte, Videos und Links f\u00fcr den Unterricht zur Verf\u00fcgung gestellt von ZEIT f\u00fcr die Schule","potentialAction":[{"@type":"SearchAction","target":{"@type":"EntryPoint","urlTemplate":"https:\/\/blog.zeit.de\/schueler\/?s={search_term_string}"},"query-input":"required name=search_term_string"}],"inLanguage":"de"}]}},"jetpack_sharing_enabled":true,"_links":{"self":[{"href":"https:\/\/blog.zeit.de\/schueler\/wp-json\/wp\/v2\/pages\/2567","targetHints":{"allow":["GET"]}}],"collection":[{"href":"https:\/\/blog.zeit.de\/schueler\/wp-json\/wp\/v2\/pages"}],"about":[{"href":"https:\/\/blog.zeit.de\/schueler\/wp-json\/wp\/v2\/types\/page"}],"author":[{"embeddable":true,"href":"https:\/\/blog.zeit.de\/schueler\/wp-json\/wp\/v2\/users\/192"}],"replies":[{"embeddable":true,"href":"https:\/\/blog.zeit.de\/schueler\/wp-json\/wp\/v2\/comments?post=2567"}],"version-history":[{"count":52,"href":"https:\/\/blog.zeit.de\/schueler\/wp-json\/wp\/v2\/pages\/2567\/revisions"}],"predecessor-version":[{"id":6329,"href":"https:\/\/blog.zeit.de\/schueler\/wp-json\/wp\/v2\/pages\/2567\/revisions\/6329"}],"wp:attachment":[{"href":"https:\/\/blog.zeit.de\/schueler\/wp-json\/wp\/v2\/media?parent=2567"}],"curies":[{"name":"wp","href":"https:\/\/api.w.org\/{rel}","templated":true}]}}