{"version":"1.0","provider_name":"St\u00f6rungsmelder","provider_url":"https:\/\/blog.zeit.de\/stoerungsmelder","author_name":"Jan Jetter","author_url":"https:\/\/blog.zeit.de\/stoerungsmelder\/author\/jan-jetter","title":"Studie erm\u00f6glicht Blick in den Abgrund - St\u00f6rungsmelder","type":"rich","width":600,"height":338,"html":"<blockquote class=\"wp-embedded-content\" data-secret=\"rCJ2C4M4t6\"><a href=\"https:\/\/blog.zeit.de\/stoerungsmelder\/2008\/07\/03\/studie-ermoglicht-blick-in-den-abgrund_342\">Studie erm\u00f6glicht Blick in den Abgrund<\/a><\/blockquote><iframe sandbox=\"allow-scripts\" security=\"restricted\" src=\"https:\/\/blog.zeit.de\/stoerungsmelder\/2008\/07\/03\/studie-ermoglicht-blick-in-den-abgrund_342\/embed#?secret=rCJ2C4M4t6\" width=\"600\" height=\"338\" title=\"&#8222;Studie erm\u00f6glicht Blick in den Abgrund&#8220; &#8212; St\u00f6rungsmelder\" data-secret=\"rCJ2C4M4t6\" frameborder=\"0\" marginwidth=\"0\" marginheight=\"0\" scrolling=\"no\" class=\"wp-embedded-content\"><\/iframe><script type=\"text\/javascript\">\n\/* <![CDATA[ *\/\n\/*! This file is auto-generated *\/\n!function(d,l){\"use strict\";l.querySelector&&d.addEventListener&&\"undefined\"!=typeof URL&&(d.wp=d.wp||{},d.wp.receiveEmbedMessage||(d.wp.receiveEmbedMessage=function(e){var t=e.data;if((t||t.secret||t.message||t.value)&&!\/[^a-zA-Z0-9]\/.test(t.secret)){for(var s,r,n,a=l.querySelectorAll('iframe[data-secret=\"'+t.secret+'\"]'),o=l.querySelectorAll('blockquote[data-secret=\"'+t.secret+'\"]'),c=new RegExp(\"^https?:$\",\"i\"),i=0;i<o.length;i++)o[i].style.display=\"none\";for(i=0;i<a.length;i++)s=a[i],e.source===s.contentWindow&&(s.removeAttribute(\"style\"),\"height\"===t.message?(1e3<(r=parseInt(t.value,10))?r=1e3:~~r<200&&(r=200),s.height=r):\"link\"===t.message&&(r=new URL(s.getAttribute(\"src\")),n=new URL(t.value),c.test(n.protocol))&&n.host===r.host&&l.activeElement===s&&(d.top.location.href=t.value))}},d.addEventListener(\"message\",d.wp.receiveEmbedMessage,!1),l.addEventListener(\"DOMContentLoaded\",function(){for(var e,t,s=l.querySelectorAll(\"iframe.wp-embedded-content\"),r=0;r<s.length;r++)(t=(e=s[r]).getAttribute(\"data-secret\"))||(t=Math.random().toString(36).substring(2,12),e.src+=\"#?secret=\"+t,e.setAttribute(\"data-secret\",t)),e.contentWindow.postMessage({message:\"ready\",secret:t},\"*\")},!1)))}(window,document);\n\/* ]]> *\/\n<\/script>\n","description":"Einer k\u00fcrzlich ver\u00f6ffentlichten Studie\u00a0 mit dem Titel \u00bbEin Blick in die Mitte\u00ab zufolge, ist eine rassistische, antidemokratische und autorit\u00e4re Gesinnung f\u00fcr einen gro\u00dfen Teil der Deutschen selbstverst\u00e4ndlich. Leider gingen die ersch\u00fctternden Ergebnisse der Studie, welche von Elmar Br\u00e4hler und Oliver Decker\u00a0 im Auftrag der Friedrich-Ebert-Stiftung erstellt wurde, in der allgemeinen EM-Euphorie nahezu unter. Die Ergebnisse [&hellip;]"}