{"version":"1.0","provider_name":"St\u00f6rungsmelder","provider_url":"https:\/\/blog.zeit.de\/stoerungsmelder","author_name":"Jan Jetter","author_url":"https:\/\/blog.zeit.de\/stoerungsmelder\/author\/jan-jetter","title":"Nazimorde runtergerechnet? - St\u00f6rungsmelder","type":"rich","width":600,"height":338,"html":"<blockquote class=\"wp-embedded-content\" data-secret=\"Ux2DiNrAxn\"><a href=\"https:\/\/blog.zeit.de\/stoerungsmelder\/2008\/12\/11\/nazimorde-runtergerechnet_624\">Nazimorde runtergerechnet?<\/a><\/blockquote><iframe sandbox=\"allow-scripts\" security=\"restricted\" src=\"https:\/\/blog.zeit.de\/stoerungsmelder\/2008\/12\/11\/nazimorde-runtergerechnet_624\/embed#?secret=Ux2DiNrAxn\" width=\"600\" height=\"338\" title=\"&#8222;Nazimorde runtergerechnet?&#8220; &#8212; St\u00f6rungsmelder\" data-secret=\"Ux2DiNrAxn\" frameborder=\"0\" marginwidth=\"0\" marginheight=\"0\" scrolling=\"no\" class=\"wp-embedded-content\"><\/iframe><script type=\"text\/javascript\">\n\/* <![CDATA[ *\/\n\/*! This file is auto-generated *\/\n!function(d,l){\"use strict\";l.querySelector&&d.addEventListener&&\"undefined\"!=typeof URL&&(d.wp=d.wp||{},d.wp.receiveEmbedMessage||(d.wp.receiveEmbedMessage=function(e){var t=e.data;if((t||t.secret||t.message||t.value)&&!\/[^a-zA-Z0-9]\/.test(t.secret)){for(var s,r,n,a=l.querySelectorAll('iframe[data-secret=\"'+t.secret+'\"]'),o=l.querySelectorAll('blockquote[data-secret=\"'+t.secret+'\"]'),c=new RegExp(\"^https?:$\",\"i\"),i=0;i<o.length;i++)o[i].style.display=\"none\";for(i=0;i<a.length;i++)s=a[i],e.source===s.contentWindow&&(s.removeAttribute(\"style\"),\"height\"===t.message?(1e3<(r=parseInt(t.value,10))?r=1e3:~~r<200&&(r=200),s.height=r):\"link\"===t.message&&(r=new URL(s.getAttribute(\"src\")),n=new URL(t.value),c.test(n.protocol))&&n.host===r.host&&l.activeElement===s&&(d.top.location.href=t.value))}},d.addEventListener(\"message\",d.wp.receiveEmbedMessage,!1),l.addEventListener(\"DOMContentLoaded\",function(){for(var e,t,s=l.querySelectorAll(\"iframe.wp-embedded-content\"),r=0;r<s.length;r++)(t=(e=s[r]).getAttribute(\"data-secret\"))||(t=Math.random().toString(36).substring(2,12),e.src+=\"#?secret=\"+t,e.setAttribute(\"data-secret\",t)),e.contentWindow.postMessage({message:\"ready\",secret:t},\"*\")},!1)))}(window,document);\n\/* ]]> *\/\n<\/script>\n","description":"Auf eine kleine Anfrage der Bundestagspr\u00e4sidentin Petra Pau und der Linksfraktion, \u00e4u\u00dferte das Bundesinnenministerium, dass seit der Wiederveinigung 1990 bis Ende 2007 die Polizeien der L\u00e4nder dem Bundeskriminalamt \u201einsgesamt 40 Todesopfer politisch rechts motivierter Gewalt gemeldet\u201ch\u00e4tten. Also seien jedes Jahr durchschnittlich mindestens zwei Menschen von Rechtsextremisten oder Rassisten ermordet worden. Abgesehen davon, dass diese Zahlen [&hellip;]"}