{"version":"1.0","provider_name":"St\u00f6rungsmelder","provider_url":"https:\/\/blog.zeit.de\/stoerungsmelder","author_name":"St\u00f6rungsmelder","author_url":"https:\/\/blog.zeit.de\/stoerungsmelder\/author\/stoerungsmelder","title":"Proteste &amp; Blockaden gegen die Naziaufm\u00e4rsche am 1. Mai - St\u00f6rungsmelder","type":"rich","width":600,"height":338,"html":"<blockquote class=\"wp-embedded-content\" data-secret=\"MU666VmtBF\"><a href=\"https:\/\/blog.zeit.de\/stoerungsmelder\/2011\/04\/28\/blockaden-gegen-die-naziaufmarsche-am-1-mai_6162\">Proteste &amp; Blockaden gegen die Naziaufm\u00e4rsche am 1. Mai<\/a><\/blockquote><iframe sandbox=\"allow-scripts\" security=\"restricted\" src=\"https:\/\/blog.zeit.de\/stoerungsmelder\/2011\/04\/28\/blockaden-gegen-die-naziaufmarsche-am-1-mai_6162\/embed#?secret=MU666VmtBF\" width=\"600\" height=\"338\" title=\"&#8222;Proteste &amp; Blockaden gegen die Naziaufm\u00e4rsche am 1. Mai&#8220; &#8212; St\u00f6rungsmelder\" data-secret=\"MU666VmtBF\" frameborder=\"0\" marginwidth=\"0\" marginheight=\"0\" scrolling=\"no\" class=\"wp-embedded-content\"><\/iframe><script type=\"text\/javascript\">\n\/* <![CDATA[ *\/\n\/*! This file is auto-generated *\/\n!function(d,l){\"use strict\";l.querySelector&&d.addEventListener&&\"undefined\"!=typeof URL&&(d.wp=d.wp||{},d.wp.receiveEmbedMessage||(d.wp.receiveEmbedMessage=function(e){var t=e.data;if((t||t.secret||t.message||t.value)&&!\/[^a-zA-Z0-9]\/.test(t.secret)){for(var s,r,n,a=l.querySelectorAll('iframe[data-secret=\"'+t.secret+'\"]'),o=l.querySelectorAll('blockquote[data-secret=\"'+t.secret+'\"]'),c=new RegExp(\"^https?:$\",\"i\"),i=0;i<o.length;i++)o[i].style.display=\"none\";for(i=0;i<a.length;i++)s=a[i],e.source===s.contentWindow&&(s.removeAttribute(\"style\"),\"height\"===t.message?(1e3<(r=parseInt(t.value,10))?r=1e3:~~r<200&&(r=200),s.height=r):\"link\"===t.message&&(r=new URL(s.getAttribute(\"src\")),n=new URL(t.value),c.test(n.protocol))&&n.host===r.host&&l.activeElement===s&&(d.top.location.href=t.value))}},d.addEventListener(\"message\",d.wp.receiveEmbedMessage,!1),l.addEventListener(\"DOMContentLoaded\",function(){for(var e,t,s=l.querySelectorAll(\"iframe.wp-embedded-content\"),r=0;r<s.length;r++)(t=(e=s[r]).getAttribute(\"data-secret\"))||(t=Math.random().toString(36).substring(2,12),e.src+=\"#?secret=\"+t,e.setAttribute(\"data-secret\",t)),e.contentWindow.postMessage({message:\"ready\",secret:t},\"*\")},!1)))}(window,document);\n\/* ]]> *\/\n<\/script>\n","description":"Rund um den 1.Mai 2011 haben Neonazis wieder an verschiedenen Orten in ganz Deutschland Aufm\u00e4rsche angemeldet. In allen betroffenen St\u00e4dten haben sich B\u00fcndnisse von Parteien, Gewerkschaften, Zivilgesellschaft und Antifagruppen zusammengetan, um die rechten Aufz\u00fcge zu stoppen. Der St\u00f6rungsmelder gibt einen \u00dcberblick \u00fcber alle Protestaktionen. Falls Sie als Leser noch erg\u00e4nzende Informationen haben, bitte in die [&hellip;]","thumbnail_url":"https:\/\/blog.zeit.de\/stoerungsmelder\/files\/2010\/05\/blockaden-410.jpg"}