{"version":"1.0","provider_name":"St\u00f6rungsmelder","provider_url":"https:\/\/blog.zeit.de\/stoerungsmelder","author_name":"St\u00f6rungsmelder","author_url":"https:\/\/blog.zeit.de\/stoerungsmelder\/author\/stoerungsmelder","title":"Zivilgesellschaft braucht Kontinuit\u00e4t - St\u00f6rungsmelder","type":"rich","width":600,"height":338,"html":"<blockquote class=\"wp-embedded-content\" data-secret=\"GnpcahM28E\"><a href=\"https:\/\/blog.zeit.de\/stoerungsmelder\/2012\/11\/13\/zivilgesellschaft-braucht-kontinuitat_10468\">Zivilgesellschaft braucht Kontinuit\u00e4t<\/a><\/blockquote><iframe sandbox=\"allow-scripts\" security=\"restricted\" src=\"https:\/\/blog.zeit.de\/stoerungsmelder\/2012\/11\/13\/zivilgesellschaft-braucht-kontinuitat_10468\/embed#?secret=GnpcahM28E\" width=\"600\" height=\"338\" title=\"&#8222;Zivilgesellschaft braucht Kontinuit\u00e4t&#8220; &#8212; St\u00f6rungsmelder\" data-secret=\"GnpcahM28E\" frameborder=\"0\" marginwidth=\"0\" marginheight=\"0\" scrolling=\"no\" class=\"wp-embedded-content\"><\/iframe><script type=\"text\/javascript\">\n\/* <![CDATA[ *\/\n\/*! This file is auto-generated *\/\n!function(d,l){\"use strict\";l.querySelector&&d.addEventListener&&\"undefined\"!=typeof URL&&(d.wp=d.wp||{},d.wp.receiveEmbedMessage||(d.wp.receiveEmbedMessage=function(e){var t=e.data;if((t||t.secret||t.message||t.value)&&!\/[^a-zA-Z0-9]\/.test(t.secret)){for(var s,r,n,a=l.querySelectorAll('iframe[data-secret=\"'+t.secret+'\"]'),o=l.querySelectorAll('blockquote[data-secret=\"'+t.secret+'\"]'),c=new RegExp(\"^https?:$\",\"i\"),i=0;i<o.length;i++)o[i].style.display=\"none\";for(i=0;i<a.length;i++)s=a[i],e.source===s.contentWindow&&(s.removeAttribute(\"style\"),\"height\"===t.message?(1e3<(r=parseInt(t.value,10))?r=1e3:~~r<200&&(r=200),s.height=r):\"link\"===t.message&&(r=new URL(s.getAttribute(\"src\")),n=new URL(t.value),c.test(n.protocol))&&n.host===r.host&&l.activeElement===s&&(d.top.location.href=t.value))}},d.addEventListener(\"message\",d.wp.receiveEmbedMessage,!1),l.addEventListener(\"DOMContentLoaded\",function(){for(var e,t,s=l.querySelectorAll(\"iframe.wp-embedded-content\"),r=0;r<s.length;r++)(t=(e=s[r]).getAttribute(\"data-secret\"))||(t=Math.random().toString(36).substring(2,12),e.src+=\"#?secret=\"+t,e.setAttribute(\"data-secret\",t)),e.contentWindow.postMessage({message:\"ready\",secret:t},\"*\")},!1)))}(window,document);\n\/* ]]> *\/\n<\/script>\n","description":"Vor zw\u00f6lf Monaten wurde die rassistische Mordserie der Rechtsterroristen des Nationalsozialistischen Untergrunds bekannt. Journalisten, Initiativen gegen rechts und Antifa-Aktivisten hatten jahrzehntelang vor der t\u00f6dlichen Dimension rechter Gewalt gewarnt. Doch die Taten des NSU \u00fcbertrafen selbst die schlimmsten Bef\u00fcrchtungen, wozu Neonazis f\u00e4hig sind, die ihre Ideologie bis zur letzten Konsequenz durchsetzen wollen.","thumbnail_url":"http:\/\/vg06.met.vgwort.de\/na\/05c8a41ad64e4631b00ab7201dafafad"}