{"version":"1.0","provider_name":"St\u00f6rungsmelder","provider_url":"https:\/\/blog.zeit.de\/stoerungsmelder","author_name":"Roland Sieber","author_url":"https:\/\/blog.zeit.de\/stoerungsmelder\/author\/rolandsieber","title":"Wenn die Rechte mit \u201cD\u00f6nermorden\u201d kontert - St\u00f6rungsmelder","type":"rich","width":600,"height":338,"html":"<blockquote class=\"wp-embedded-content\" data-secret=\"SR6mZccsyR\"><a href=\"https:\/\/blog.zeit.de\/stoerungsmelder\/2012\/11\/24\/wenn-die-rechte-mit-donermorden-kontert_10634\">Wenn die Rechte mit \u201cD\u00f6nermorden\u201d kontert<\/a><\/blockquote><iframe sandbox=\"allow-scripts\" security=\"restricted\" src=\"https:\/\/blog.zeit.de\/stoerungsmelder\/2012\/11\/24\/wenn-die-rechte-mit-donermorden-kontert_10634\/embed#?secret=SR6mZccsyR\" width=\"600\" height=\"338\" title=\"&#8222;Wenn die Rechte mit \u201cD\u00f6nermorden\u201d kontert&#8220; &#8212; St\u00f6rungsmelder\" data-secret=\"SR6mZccsyR\" frameborder=\"0\" marginwidth=\"0\" marginheight=\"0\" scrolling=\"no\" class=\"wp-embedded-content\"><\/iframe><script type=\"text\/javascript\">\n\/* <![CDATA[ *\/\n\/*! This file is auto-generated *\/\n!function(d,l){\"use strict\";l.querySelector&&d.addEventListener&&\"undefined\"!=typeof URL&&(d.wp=d.wp||{},d.wp.receiveEmbedMessage||(d.wp.receiveEmbedMessage=function(e){var t=e.data;if((t||t.secret||t.message||t.value)&&!\/[^a-zA-Z0-9]\/.test(t.secret)){for(var s,r,n,a=l.querySelectorAll('iframe[data-secret=\"'+t.secret+'\"]'),o=l.querySelectorAll('blockquote[data-secret=\"'+t.secret+'\"]'),c=new RegExp(\"^https?:$\",\"i\"),i=0;i<o.length;i++)o[i].style.display=\"none\";for(i=0;i<a.length;i++)s=a[i],e.source===s.contentWindow&&(s.removeAttribute(\"style\"),\"height\"===t.message?(1e3<(r=parseInt(t.value,10))?r=1e3:~~r<200&&(r=200),s.height=r):\"link\"===t.message&&(r=new URL(s.getAttribute(\"src\")),n=new URL(t.value),c.test(n.protocol))&&n.host===r.host&&l.activeElement===s&&(d.top.location.href=t.value))}},d.addEventListener(\"message\",d.wp.receiveEmbedMessage,!1),l.addEventListener(\"DOMContentLoaded\",function(){for(var e,t,s=l.querySelectorAll(\"iframe.wp-embedded-content\"),r=0;r<s.length;r++)(t=(e=s[r]).getAttribute(\"data-secret\"))||(t=Math.random().toString(36).substring(2,12),e.src+=\"#?secret=\"+t,e.setAttribute(\"data-secret\",t)),e.contentWindow.postMessage({message:\"ready\",secret:t},\"*\")},!1)))}(window,document);\n\/* ]]> *\/\n<\/script>\n","description":"F\u00fcr Bombenstimmung sorgt die Bundeszentrale f\u00fcr politische Bildung aktuell mit einem vermeintlichen Aufkl\u00e4rungsvideo: \u201eDie Linken fackeln Luxuskarossen ab\u2026 und die Rechten kontern mit den sogenannten D\u00f6nermorden\u201c, hei\u00dft es in dem mit Bildmaterial unterlegten Text. Ein krasses Beispiel daf\u00fcr, wie einfach sich eine rassistische Mordserie im Land der Extremismustheorie verkl\u00e4ren l\u00e4sst.","thumbnail_url":"https:\/\/blog.zeit.de\/stoerungsmelder\/files\/2012\/11\/bpb-Extremismusvideo.jpg"}