{"version":"1.0","provider_name":"St\u00f6rungsmelder","provider_url":"https:\/\/blog.zeit.de\/stoerungsmelder","author_name":"Caro Lobig","author_url":"https:\/\/blog.zeit.de\/stoerungsmelder\/author\/carolobig","title":"Die Zukunft der Fl\u00fcchtlinge in Berlin - St\u00f6rungsmelder","type":"rich","width":600,"height":338,"html":"<blockquote class=\"wp-embedded-content\" data-secret=\"C1RDUZjDdy\"><a href=\"https:\/\/blog.zeit.de\/stoerungsmelder\/2013\/05\/30\/die-zukunft-der-fluchtlinge-in-berlin_12909\">Die Zukunft der Fl\u00fcchtlinge in Berlin<\/a><\/blockquote><iframe sandbox=\"allow-scripts\" security=\"restricted\" src=\"https:\/\/blog.zeit.de\/stoerungsmelder\/2013\/05\/30\/die-zukunft-der-fluchtlinge-in-berlin_12909\/embed#?secret=C1RDUZjDdy\" width=\"600\" height=\"338\" title=\"&#8222;Die Zukunft der Fl\u00fcchtlinge in Berlin&#8220; &#8212; St\u00f6rungsmelder\" data-secret=\"C1RDUZjDdy\" frameborder=\"0\" marginwidth=\"0\" marginheight=\"0\" scrolling=\"no\" class=\"wp-embedded-content\"><\/iframe><script type=\"text\/javascript\">\n\/* <![CDATA[ *\/\n\/*! This file is auto-generated *\/\n!function(d,l){\"use strict\";l.querySelector&&d.addEventListener&&\"undefined\"!=typeof URL&&(d.wp=d.wp||{},d.wp.receiveEmbedMessage||(d.wp.receiveEmbedMessage=function(e){var t=e.data;if((t||t.secret||t.message||t.value)&&!\/[^a-zA-Z0-9]\/.test(t.secret)){for(var s,r,n,a=l.querySelectorAll('iframe[data-secret=\"'+t.secret+'\"]'),o=l.querySelectorAll('blockquote[data-secret=\"'+t.secret+'\"]'),c=new RegExp(\"^https?:$\",\"i\"),i=0;i<o.length;i++)o[i].style.display=\"none\";for(i=0;i<a.length;i++)s=a[i],e.source===s.contentWindow&&(s.removeAttribute(\"style\"),\"height\"===t.message?(1e3<(r=parseInt(t.value,10))?r=1e3:~~r<200&&(r=200),s.height=r):\"link\"===t.message&&(r=new URL(s.getAttribute(\"src\")),n=new URL(t.value),c.test(n.protocol))&&n.host===r.host&&l.activeElement===s&&(d.top.location.href=t.value))}},d.addEventListener(\"message\",d.wp.receiveEmbedMessage,!1),l.addEventListener(\"DOMContentLoaded\",function(){for(var e,t,s=l.querySelectorAll(\"iframe.wp-embedded-content\"),r=0;r<s.length;r++)(t=(e=s[r]).getAttribute(\"data-secret\"))||(t=Math.random().toString(36).substring(2,12),e.src+=\"#?secret=\"+t,e.setAttribute(\"data-secret\",t)),e.contentWindow.postMessage({message:\"ready\",secret:t},\"*\")},!1)))}(window,document);\n\/* ]]> *\/\n<\/script>\n","description":"Mehr \u00d6ffentlichkeit, die Einschr\u00e4nkung der Residenzpflicht, Unterst\u00fctzung aus der Gesellschaft: Der Refugee Protest hat nach \u00fcber einem Jahr mit vielen \u00f6ffentlichen Aktionen einiges ge\u00e4ndert. Doch die meisten Asylbewerber haben nach wie vor keine Perspektive in ihrem Leben. Beteiligte des Refugee Camp \u00e4u\u00dfern W\u00fcnsche und Ideen f\u00fcr die Zukunft der Fl\u00fcchtlinge in Berlin.","thumbnail_url":"https:\/\/blog.zeit.de\/stoerungsmelder\/files\/2013\/05\/P1020653.jpg"}