{"version":"1.0","provider_name":"St\u00f6rungsmelder","provider_url":"https:\/\/blog.zeit.de\/stoerungsmelder","author_name":"Jonas Miller","author_url":"https:\/\/blog.zeit.de\/stoerungsmelder\/author\/timomueller","title":"F\u00fcrth: Deutliches Zeichen gegen Neonazis - St\u00f6rungsmelder","type":"rich","width":600,"height":338,"html":"<blockquote class=\"wp-embedded-content\" data-secret=\"PzQV8Xt6f7\"><a href=\"https:\/\/blog.zeit.de\/stoerungsmelder\/2014\/01\/11\/furth-deutliches-zeichen-gegen-neonazis_14664\">F\u00fcrth: Deutliches Zeichen gegen Neonazis<\/a><\/blockquote><iframe sandbox=\"allow-scripts\" security=\"restricted\" src=\"https:\/\/blog.zeit.de\/stoerungsmelder\/2014\/01\/11\/furth-deutliches-zeichen-gegen-neonazis_14664\/embed#?secret=PzQV8Xt6f7\" width=\"600\" height=\"338\" title=\"&#8222;F\u00fcrth: Deutliches Zeichen gegen Neonazis&#8220; &#8212; St\u00f6rungsmelder\" data-secret=\"PzQV8Xt6f7\" frameborder=\"0\" marginwidth=\"0\" marginheight=\"0\" scrolling=\"no\" class=\"wp-embedded-content\"><\/iframe><script type=\"text\/javascript\">\n\/* <![CDATA[ *\/\n\/*! This file is auto-generated *\/\n!function(d,l){\"use strict\";l.querySelector&&d.addEventListener&&\"undefined\"!=typeof URL&&(d.wp=d.wp||{},d.wp.receiveEmbedMessage||(d.wp.receiveEmbedMessage=function(e){var t=e.data;if((t||t.secret||t.message||t.value)&&!\/[^a-zA-Z0-9]\/.test(t.secret)){for(var s,r,n,a=l.querySelectorAll('iframe[data-secret=\"'+t.secret+'\"]'),o=l.querySelectorAll('blockquote[data-secret=\"'+t.secret+'\"]'),c=new RegExp(\"^https?:$\",\"i\"),i=0;i<o.length;i++)o[i].style.display=\"none\";for(i=0;i<a.length;i++)s=a[i],e.source===s.contentWindow&&(s.removeAttribute(\"style\"),\"height\"===t.message?(1e3<(r=parseInt(t.value,10))?r=1e3:~~r<200&&(r=200),s.height=r):\"link\"===t.message&&(r=new URL(s.getAttribute(\"src\")),n=new URL(t.value),c.test(n.protocol))&&n.host===r.host&&l.activeElement===s&&(d.top.location.href=t.value))}},d.addEventListener(\"message\",d.wp.receiveEmbedMessage,!1),l.addEventListener(\"DOMContentLoaded\",function(){for(var e,t,s=l.querySelectorAll(\"iframe.wp-embedded-content\"),r=0;r<s.length;r++)(t=(e=s[r]).getAttribute(\"data-secret\"))||(t=Math.random().toString(36).substring(2,12),e.src+=\"#?secret=\"+t,e.setAttribute(\"data-secret\",t)),e.contentWindow.postMessage({message:\"ready\",secret:t},\"*\")},!1)))}(window,document);\n\/* ]]> *\/\n<\/script>\n","description":"In F\u00fcrth (Bayern) haben heute \u00fcber 2000 Menschen gegen Rechts demonstriert. Neonazis aus dem \u201eFreien Netz S\u00fcd\u201c versuchen aktuell mit ihrer Tarnorganisation \u201eB\u00fcrgerinitiative Soziales F\u00fcrth\u201c (BiSF) Stimmung zu machen, um ins F\u00fcrther Rathaus einzuziehen. Sie ben\u00f6tigen daf\u00fcr knapp 400 Unterschriften. Die Nazigegner in F\u00fcrth sind t\u00e4glich im Kampf gegen die BiSF im Einsatz.","thumbnail_url":"https:\/\/blog.zeit.de\/stoerungsmelder\/files\/2014\/01\/header_antifademofuerth.jpg"}