{"version":"1.0","provider_name":"St\u00f6rungsmelder","provider_url":"https:\/\/blog.zeit.de\/stoerungsmelder","author_name":"Marek Majewsky","author_url":"https:\/\/blog.zeit.de\/stoerungsmelder\/author\/marek","title":"Aus den St\u00e4dten in die D\u00f6rfer? - St\u00f6rungsmelder","type":"rich","width":600,"height":338,"html":"<blockquote class=\"wp-embedded-content\" data-secret=\"8TxhMRJFZT\"><a href=\"https:\/\/blog.zeit.de\/stoerungsmelder\/2015\/11\/11\/aus-den-stadten-in-die-dorfer_20512\">Aus den St\u00e4dten in die D\u00f6rfer?<\/a><\/blockquote><iframe sandbox=\"allow-scripts\" security=\"restricted\" src=\"https:\/\/blog.zeit.de\/stoerungsmelder\/2015\/11\/11\/aus-den-stadten-in-die-dorfer_20512\/embed#?secret=8TxhMRJFZT\" width=\"600\" height=\"338\" title=\"&#8222;Aus den St\u00e4dten in die D\u00f6rfer?&#8220; &#8212; St\u00f6rungsmelder\" data-secret=\"8TxhMRJFZT\" frameborder=\"0\" marginwidth=\"0\" marginheight=\"0\" scrolling=\"no\" class=\"wp-embedded-content\"><\/iframe><script type=\"text\/javascript\">\n\/* <![CDATA[ *\/\n\/*! This file is auto-generated *\/\n!function(d,l){\"use strict\";l.querySelector&&d.addEventListener&&\"undefined\"!=typeof URL&&(d.wp=d.wp||{},d.wp.receiveEmbedMessage||(d.wp.receiveEmbedMessage=function(e){var t=e.data;if((t||t.secret||t.message||t.value)&&!\/[^a-zA-Z0-9]\/.test(t.secret)){for(var s,r,n,a=l.querySelectorAll('iframe[data-secret=\"'+t.secret+'\"]'),o=l.querySelectorAll('blockquote[data-secret=\"'+t.secret+'\"]'),c=new RegExp(\"^https?:$\",\"i\"),i=0;i<o.length;i++)o[i].style.display=\"none\";for(i=0;i<a.length;i++)s=a[i],e.source===s.contentWindow&&(s.removeAttribute(\"style\"),\"height\"===t.message?(1e3<(r=parseInt(t.value,10))?r=1e3:~~r<200&&(r=200),s.height=r):\"link\"===t.message&&(r=new URL(s.getAttribute(\"src\")),n=new URL(t.value),c.test(n.protocol))&&n.host===r.host&&l.activeElement===s&&(d.top.location.href=t.value))}},d.addEventListener(\"message\",d.wp.receiveEmbedMessage,!1),l.addEventListener(\"DOMContentLoaded\",function(){for(var e,t,s=l.querySelectorAll(\"iframe.wp-embedded-content\"),r=0;r<s.length;r++)(t=(e=s[r]).getAttribute(\"data-secret\"))||(t=Math.random().toString(36).substring(2,12),e.src+=\"#?secret=\"+t,e.setAttribute(\"data-secret\",t)),e.contentWindow.postMessage({message:\"ready\",secret:t},\"*\")},!1)))}(window,document);\n\/* ]]> *\/\n<\/script>\n","thumbnail_url":"https:\/\/blog.zeit.de\/stoerungsmelder\/files\/2015\/11\/Titelbild.jpg","thumbnail_width":530,"thumbnail_height":300,"description":"Die rechtsextreme Bewegung in NRW hatte zuletzt bei HoGeSa 2.0 eine herbe Niederlage einstecken m\u00fcssen, nun marschierten ihre Anh\u00e4nger am\u00a0Wochenende (08. November 2015) auf dem Land auf. Obwohl Linnich (Kreis D\u00fcren) nur knapp 14.000 Einwohner hat, stellten sich Ihnen 1500 Gegendemonstranten in den Weg.\u00a0Versuchen die Rechten nun erst die D\u00f6rfer f\u00fcr sich zu gewinnen?"}