{"version":"1.0","provider_name":"Tontr\u00e4ger","provider_url":"https:\/\/blog.zeit.de\/tontraeger","author_name":"Markus Zinsmaier","author_url":"https:\/\/blog.zeit.de\/tontraeger\/author\/markus-zinsmaier","title":"Wenn die Zahnfee kommt - Musikblog","type":"rich","width":600,"height":338,"html":"<blockquote class=\"wp-embedded-content\" data-secret=\"TyclNm4GNn\"><a href=\"https:\/\/blog.zeit.de\/tontraeger\/2007\/04\/11\/wenn-die-zahnfee-kommt_362\">Wenn die Zahnfee kommt<\/a><\/blockquote><iframe sandbox=\"allow-scripts\" security=\"restricted\" src=\"https:\/\/blog.zeit.de\/tontraeger\/2007\/04\/11\/wenn-die-zahnfee-kommt_362\/embed#?secret=TyclNm4GNn\" width=\"600\" height=\"338\" title=\"&#8222;Wenn die Zahnfee kommt&#8220; &#8212; Tontr\u00e4ger\" data-secret=\"TyclNm4GNn\" frameborder=\"0\" marginwidth=\"0\" marginheight=\"0\" scrolling=\"no\" class=\"wp-embedded-content\"><\/iframe><script type=\"text\/javascript\">\n\/* <![CDATA[ *\/\n\/*! This file is auto-generated *\/\n!function(d,l){\"use strict\";l.querySelector&&d.addEventListener&&\"undefined\"!=typeof URL&&(d.wp=d.wp||{},d.wp.receiveEmbedMessage||(d.wp.receiveEmbedMessage=function(e){var t=e.data;if((t||t.secret||t.message||t.value)&&!\/[^a-zA-Z0-9]\/.test(t.secret)){for(var s,r,n,a=l.querySelectorAll('iframe[data-secret=\"'+t.secret+'\"]'),o=l.querySelectorAll('blockquote[data-secret=\"'+t.secret+'\"]'),c=new RegExp(\"^https?:$\",\"i\"),i=0;i<o.length;i++)o[i].style.display=\"none\";for(i=0;i<a.length;i++)s=a[i],e.source===s.contentWindow&&(s.removeAttribute(\"style\"),\"height\"===t.message?(1e3<(r=parseInt(t.value,10))?r=1e3:~~r<200&&(r=200),s.height=r):\"link\"===t.message&&(r=new URL(s.getAttribute(\"src\")),n=new URL(t.value),c.test(n.protocol))&&n.host===r.host&&l.activeElement===s&&(d.top.location.href=t.value))}},d.addEventListener(\"message\",d.wp.receiveEmbedMessage,!1),l.addEventListener(\"DOMContentLoaded\",function(){for(var e,t,s=l.querySelectorAll(\"iframe.wp-embedded-content\"),r=0;r<s.length;r++)(t=(e=s[r]).getAttribute(\"data-secret\"))||(t=Math.random().toString(36).substring(2,12),e.src+=\"#?secret=\"+t,e.setAttribute(\"data-secret\",t)),e.contentWindow.postMessage({message:\"ready\",secret:t},\"*\")},!1)))}(window,document);\n\/* ]]> *\/\n<\/script>\n","description":"Im Land der Teeb\u00e4ume singen holde Feen Weihnachtslieder, und die Bl\u00e4ser der Heilsarmee scheppern klagend. Der Schwede Peter von Poehl singt, als h\u00e4tte sich Brian Wilson in die Tundra verirrt Wenn der schwedische Musiker Peter von Poehl deutsch spricht, hat er einen auff\u00e4lligen \u00f6sterreichischen Akzent. Ob es daran liegt, dass er lange mit dem \u00f6sterreichischen [&hellip;]","thumbnail_url":"https:\/\/blog.zeit.de\/tontraeger\/files\/2007\/04\/poehl-teatrees210.jpg"}