{"version":"1.0","provider_name":"ZEIT der Leser","provider_url":"https:\/\/blog.zeit.de\/zeit-der-leser","author_name":"Zeit der Leser","author_url":"https:\/\/blog.zeit.de\/zeit-der-leser\/author\/zeit-der-leser\/","title":"Weltkulturd\u00f6ner? - ZEIT der Leser","type":"rich","width":600,"height":338,"html":"<blockquote class=\"wp-embedded-content\" data-secret=\"h2fLZNQ3Or\"><a href=\"https:\/\/blog.zeit.de\/zeit-der-leser\/2010\/04\/28\/weltkulturdoner\/\">Weltkulturd\u00f6ner?<\/a><\/blockquote><iframe sandbox=\"allow-scripts\" security=\"restricted\" src=\"https:\/\/blog.zeit.de\/zeit-der-leser\/2010\/04\/28\/weltkulturdoner\/embed\/#?secret=h2fLZNQ3Or\" width=\"600\" height=\"338\" title=\"&#8222;Weltkulturd\u00f6ner?&#8220; &#8212; ZEIT der Leser\" data-secret=\"h2fLZNQ3Or\" frameborder=\"0\" marginwidth=\"0\" marginheight=\"0\" scrolling=\"no\" class=\"wp-embedded-content\"><\/iframe><script type=\"text\/javascript\">\n\/* <![CDATA[ *\/\n\/*! This file is auto-generated *\/\n!function(d,l){\"use strict\";l.querySelector&&d.addEventListener&&\"undefined\"!=typeof URL&&(d.wp=d.wp||{},d.wp.receiveEmbedMessage||(d.wp.receiveEmbedMessage=function(e){var t=e.data;if((t||t.secret||t.message||t.value)&&!\/[^a-zA-Z0-9]\/.test(t.secret)){for(var s,r,n,a=l.querySelectorAll('iframe[data-secret=\"'+t.secret+'\"]'),o=l.querySelectorAll('blockquote[data-secret=\"'+t.secret+'\"]'),c=new RegExp(\"^https?:$\",\"i\"),i=0;i<o.length;i++)o[i].style.display=\"none\";for(i=0;i<a.length;i++)s=a[i],e.source===s.contentWindow&&(s.removeAttribute(\"style\"),\"height\"===t.message?(1e3<(r=parseInt(t.value,10))?r=1e3:~~r<200&&(r=200),s.height=r):\"link\"===t.message&&(r=new URL(s.getAttribute(\"src\")),n=new URL(t.value),c.test(n.protocol))&&n.host===r.host&&l.activeElement===s&&(d.top.location.href=t.value))}},d.addEventListener(\"message\",d.wp.receiveEmbedMessage,!1),l.addEventListener(\"DOMContentLoaded\",function(){for(var e,t,s=l.querySelectorAll(\"iframe.wp-embedded-content\"),r=0;r<s.length;r++)(t=(e=s[r]).getAttribute(\"data-secret\"))||(t=Math.random().toString(36).substring(2,12),e.src+=\"#?secret=\"+t,e.setAttribute(\"data-secret\",t)),e.contentWindow.postMessage({message:\"ready\",secret:t},\"*\")},!1)))}(window,document);\n\/* ]]> *\/\n<\/script>\n","description":"Im vergangenen Jahr verlor Dresden wegen der Waldschl\u00f6sschenbru\u0308cke den Titel als Weltkulturerbe. Jetzt startete Martin Roth, der Chef der Staatlichen Kunstsammlungen, zum Gegenangriff: Mit der Er\u00f6ffnung der &#8222;T\u00fcrckischen Cammer&#8220; im Dresdner Schloss stellt er ein anderes Weltkulturerbe in die Stadt. Und damit es jeder versteht, lie\u00df Roth viereinhalb Millionen D\u00f6nert\u00fcten mit dem Slogan &#8222;Weltk\u00fclt\u00fcr&#8220; bedrucken. [&hellip;]"}