{"version":"1.0","provider_name":"ZEIT der Leser","provider_url":"https:\/\/blog.zeit.de\/zeit-der-leser","author_name":"Zeit der Leser","author_url":"https:\/\/blog.zeit.de\/zeit-der-leser\/author\/zeit-der-leser\/","title":"Leser fragen: k\u00fchlen F\u00e4cher wirklich? - ZEIT der Leser","type":"rich","width":600,"height":338,"html":"<blockquote class=\"wp-embedded-content\" data-secret=\"RPAi1uCd8j\"><a href=\"https:\/\/blog.zeit.de\/zeit-der-leser\/2010\/08\/05\/leser-fragen-kuhlen-facher-wirklich\/\">Leser fragen: k\u00fchlen F\u00e4cher wirklich?<\/a><\/blockquote><iframe sandbox=\"allow-scripts\" security=\"restricted\" src=\"https:\/\/blog.zeit.de\/zeit-der-leser\/2010\/08\/05\/leser-fragen-kuhlen-facher-wirklich\/embed\/#?secret=RPAi1uCd8j\" width=\"600\" height=\"338\" title=\"&#8222;Leser fragen: k\u00fchlen F\u00e4cher wirklich?&#8220; &#8212; ZEIT der Leser\" data-secret=\"RPAi1uCd8j\" frameborder=\"0\" marginwidth=\"0\" marginheight=\"0\" scrolling=\"no\" class=\"wp-embedded-content\"><\/iframe><script type=\"text\/javascript\">\n\/* <![CDATA[ *\/\n\/*! This file is auto-generated *\/\n!function(d,l){\"use strict\";l.querySelector&&d.addEventListener&&\"undefined\"!=typeof URL&&(d.wp=d.wp||{},d.wp.receiveEmbedMessage||(d.wp.receiveEmbedMessage=function(e){var t=e.data;if((t||t.secret||t.message||t.value)&&!\/[^a-zA-Z0-9]\/.test(t.secret)){for(var s,r,n,a=l.querySelectorAll('iframe[data-secret=\"'+t.secret+'\"]'),o=l.querySelectorAll('blockquote[data-secret=\"'+t.secret+'\"]'),c=new RegExp(\"^https?:$\",\"i\"),i=0;i<o.length;i++)o[i].style.display=\"none\";for(i=0;i<a.length;i++)s=a[i],e.source===s.contentWindow&&(s.removeAttribute(\"style\"),\"height\"===t.message?(1e3<(r=parseInt(t.value,10))?r=1e3:~~r<200&&(r=200),s.height=r):\"link\"===t.message&&(r=new URL(s.getAttribute(\"src\")),n=new URL(t.value),c.test(n.protocol))&&n.host===r.host&&l.activeElement===s&&(d.top.location.href=t.value))}},d.addEventListener(\"message\",d.wp.receiveEmbedMessage,!1),l.addEventListener(\"DOMContentLoaded\",function(){for(var e,t,s=l.querySelectorAll(\"iframe.wp-embedded-content\"),r=0;r<s.length;r++)(t=(e=s[r]).getAttribute(\"data-secret\"))||(t=Math.random().toString(36).substring(2,12),e.src+=\"#?secret=\"+t,e.setAttribute(\"data-secret\",t)),e.contentWindow.postMessage({message:\"ready\",secret:t},\"*\")},!1)))}(window,document);\n\/* ]]> *\/\n<\/script>\n","description":"Bei der gro\u00dfen Hitze sieht man \u2013 wie sonst nur in s\u00fcdlichen L\u00e4ndern \u2013 auch bei uns Damen, die sich mit einem F\u00e4cher Luft zuwedeln. Bringt das F\u00e4cheln wirklich K\u00fchlung, oder wird der K\u00f6rper durch die Bewegungen noch mehr erhitzt als geku\u0308hlt? Rudolf Krupp, Bergisch Gladbach"}