{"version":"1.0","provider_name":"ZEIT der Leser","provider_url":"https:\/\/blog.zeit.de\/zeit-der-leser","author_name":"Frida Thurm","author_url":"https:\/\/blog.zeit.de\/zeit-der-leser\/author\/frida-thurm\/","title":"Auf der Suche nach dem Gl\u00fcck - ZEIT der Leser","type":"rich","width":600,"height":338,"html":"<blockquote class=\"wp-embedded-content\" data-secret=\"BkAv5HI9SS\"><a href=\"https:\/\/blog.zeit.de\/zeit-der-leser\/2010\/08\/14\/auf-der-suche-nach-dem-gluck\/\">Auf der Suche nach dem Gl\u00fcck<\/a><\/blockquote><iframe sandbox=\"allow-scripts\" security=\"restricted\" src=\"https:\/\/blog.zeit.de\/zeit-der-leser\/2010\/08\/14\/auf-der-suche-nach-dem-gluck\/embed\/#?secret=BkAv5HI9SS\" width=\"600\" height=\"338\" title=\"&#8222;Auf der Suche nach dem Gl\u00fcck&#8220; &#8212; ZEIT der Leser\" data-secret=\"BkAv5HI9SS\" frameborder=\"0\" marginwidth=\"0\" marginheight=\"0\" scrolling=\"no\" class=\"wp-embedded-content\"><\/iframe><script type=\"text\/javascript\">\n\/* <![CDATA[ *\/\n\/*! This file is auto-generated *\/\n!function(d,l){\"use strict\";l.querySelector&&d.addEventListener&&\"undefined\"!=typeof URL&&(d.wp=d.wp||{},d.wp.receiveEmbedMessage||(d.wp.receiveEmbedMessage=function(e){var t=e.data;if((t||t.secret||t.message||t.value)&&!\/[^a-zA-Z0-9]\/.test(t.secret)){for(var s,r,n,a=l.querySelectorAll('iframe[data-secret=\"'+t.secret+'\"]'),o=l.querySelectorAll('blockquote[data-secret=\"'+t.secret+'\"]'),c=new RegExp(\"^https?:$\",\"i\"),i=0;i<o.length;i++)o[i].style.display=\"none\";for(i=0;i<a.length;i++)s=a[i],e.source===s.contentWindow&&(s.removeAttribute(\"style\"),\"height\"===t.message?(1e3<(r=parseInt(t.value,10))?r=1e3:~~r<200&&(r=200),s.height=r):\"link\"===t.message&&(r=new URL(s.getAttribute(\"src\")),n=new URL(t.value),c.test(n.protocol))&&n.host===r.host&&l.activeElement===s&&(d.top.location.href=t.value))}},d.addEventListener(\"message\",d.wp.receiveEmbedMessage,!1),l.addEventListener(\"DOMContentLoaded\",function(){for(var e,t,s=l.querySelectorAll(\"iframe.wp-embedded-content\"),r=0;r<s.length;r++)(t=(e=s[r]).getAttribute(\"data-secret\"))||(t=Math.random().toString(36).substring(2,12),e.src+=\"#?secret=\"+t,e.setAttribute(\"data-secret\",t)),e.contentWindow.postMessage({message:\"ready\",secret:t},\"*\")},!1)))}(window,document);\n\/* ]]> *\/\n<\/script>\n","description":"So unpr\u00e4tenti\u00f6s hat noch keiner nach dem Gl\u00fcck gesucht. Gernstls Reisen. Auf der Suche nach dem Gl\u00fcck, ein Film, der mich wieder und wieder l\u00e4chelnd zur\u00fcckl\u00e4sst, kopfschu\u0308ttelnd, fragend, belustigt. Ein Film zum Immer-wieder-neu-L\u00e4cheln, zum Kopfsch\u00fctteln, Stirnin-Falten-Ziehen, zum Lachen. Gabi Eichl, Vohenstrau\u00df, Oberpfalz"}