{"version":"1.0","provider_name":"ZEIT der Leser","provider_url":"https:\/\/blog.zeit.de\/zeit-der-leser","author_name":"Zeit der Leser","author_url":"https:\/\/blog.zeit.de\/zeit-der-leser\/author\/zeit-der-leser\/","title":"Kritzelei: W\u00fcrfelgedicht - ZEIT der Leser","type":"rich","width":600,"height":338,"html":"<blockquote class=\"wp-embedded-content\" data-secret=\"r9N3fzld0b\"><a href=\"https:\/\/blog.zeit.de\/zeit-der-leser\/2011\/02\/09\/kritzelei-wurfelgedicht\/\">Kritzelei: W\u00fcrfelgedicht<\/a><\/blockquote><iframe sandbox=\"allow-scripts\" security=\"restricted\" src=\"https:\/\/blog.zeit.de\/zeit-der-leser\/2011\/02\/09\/kritzelei-wurfelgedicht\/embed\/#?secret=r9N3fzld0b\" width=\"600\" height=\"338\" title=\"&#8222;Kritzelei: W\u00fcrfelgedicht&#8220; &#8212; ZEIT der Leser\" data-secret=\"r9N3fzld0b\" frameborder=\"0\" marginwidth=\"0\" marginheight=\"0\" scrolling=\"no\" class=\"wp-embedded-content\"><\/iframe><script type=\"text\/javascript\">\n\/* <![CDATA[ *\/\n\/*! This file is auto-generated *\/\n!function(d,l){\"use strict\";l.querySelector&&d.addEventListener&&\"undefined\"!=typeof URL&&(d.wp=d.wp||{},d.wp.receiveEmbedMessage||(d.wp.receiveEmbedMessage=function(e){var t=e.data;if((t||t.secret||t.message||t.value)&&!\/[^a-zA-Z0-9]\/.test(t.secret)){for(var s,r,n,a=l.querySelectorAll('iframe[data-secret=\"'+t.secret+'\"]'),o=l.querySelectorAll('blockquote[data-secret=\"'+t.secret+'\"]'),c=new RegExp(\"^https?:$\",\"i\"),i=0;i<o.length;i++)o[i].style.display=\"none\";for(i=0;i<a.length;i++)s=a[i],e.source===s.contentWindow&&(s.removeAttribute(\"style\"),\"height\"===t.message?(1e3<(r=parseInt(t.value,10))?r=1e3:~~r<200&&(r=200),s.height=r):\"link\"===t.message&&(r=new URL(s.getAttribute(\"src\")),n=new URL(t.value),c.test(n.protocol))&&n.host===r.host&&l.activeElement===s&&(d.top.location.href=t.value))}},d.addEventListener(\"message\",d.wp.receiveEmbedMessage,!1),l.addEventListener(\"DOMContentLoaded\",function(){for(var e,t,s=l.querySelectorAll(\"iframe.wp-embedded-content\"),r=0;r<s.length;r++)(t=(e=s[r]).getAttribute(\"data-secret\"))||(t=Math.random().toString(36).substring(2,12),e.src+=\"#?secret=\"+t,e.setAttribute(\"data-secret\",t)),e.contentWindow.postMessage({message:\"ready\",secret:t},\"*\")},!1)))}(window,document);\n\/* ]]> *\/\n<\/script>\n","description":"Um ein dem vorgefunden B\u00fccherbestand entsprungenen W\u00fcrfelgedicht spann sich auf einer Bergh\u00fctte weit \u00fcber der Zivilisation, im Beisein eines guten Freundes und Vorlesers, ein Geflecht aus Geh\u00f6rtem, Gesehenem und Gedachten. Ein spielerisch gef\u00fclltes Blatt, wie man es gerne \u00f6fter h\u00e4tte, auch dieses Jahr. Karin Kolb, Ingolstadt","thumbnail_url":"https:\/\/blog.zeit.de\/zeit-der-leser\/files\/2011\/02\/kritzelei-der-woche_kk.jpg"}