{"version":"1.0","provider_name":"ZEIT der Leser","provider_url":"https:\/\/blog.zeit.de\/zeit-der-leser","author_name":"\"Zeit der Leser\"-Redaktion","author_url":"https:\/\/blog.zeit.de\/zeit-der-leser\/author\/zeit-der-leser-redaktion\/","title":"M\u00e4andern: Mein Wort-Schatz - ZEIT der Leser","type":"rich","width":600,"height":338,"html":"<blockquote class=\"wp-embedded-content\" data-secret=\"iltBvd0kV2\"><a href=\"https:\/\/blog.zeit.de\/zeit-der-leser\/2011\/11\/10\/mein-wort-schatz-maeandern\/\">M\u00e4andern: Mein Wort-Schatz<\/a><\/blockquote><iframe sandbox=\"allow-scripts\" security=\"restricted\" src=\"https:\/\/blog.zeit.de\/zeit-der-leser\/2011\/11\/10\/mein-wort-schatz-maeandern\/embed\/#?secret=iltBvd0kV2\" width=\"600\" height=\"338\" title=\"&#8222;M\u00e4andern: Mein Wort-Schatz&#8220; &#8212; ZEIT der Leser\" data-secret=\"iltBvd0kV2\" frameborder=\"0\" marginwidth=\"0\" marginheight=\"0\" scrolling=\"no\" class=\"wp-embedded-content\"><\/iframe><script type=\"text\/javascript\">\n\/* <![CDATA[ *\/\n\/*! This file is auto-generated *\/\n!function(d,l){\"use strict\";l.querySelector&&d.addEventListener&&\"undefined\"!=typeof URL&&(d.wp=d.wp||{},d.wp.receiveEmbedMessage||(d.wp.receiveEmbedMessage=function(e){var t=e.data;if((t||t.secret||t.message||t.value)&&!\/[^a-zA-Z0-9]\/.test(t.secret)){for(var s,r,n,a=l.querySelectorAll('iframe[data-secret=\"'+t.secret+'\"]'),o=l.querySelectorAll('blockquote[data-secret=\"'+t.secret+'\"]'),c=new RegExp(\"^https?:$\",\"i\"),i=0;i<o.length;i++)o[i].style.display=\"none\";for(i=0;i<a.length;i++)s=a[i],e.source===s.contentWindow&&(s.removeAttribute(\"style\"),\"height\"===t.message?(1e3<(r=parseInt(t.value,10))?r=1e3:~~r<200&&(r=200),s.height=r):\"link\"===t.message&&(r=new URL(s.getAttribute(\"src\")),n=new URL(t.value),c.test(n.protocol))&&n.host===r.host&&l.activeElement===s&&(d.top.location.href=t.value))}},d.addEventListener(\"message\",d.wp.receiveEmbedMessage,!1),l.addEventListener(\"DOMContentLoaded\",function(){for(var e,t,s=l.querySelectorAll(\"iframe.wp-embedded-content\"),r=0;r<s.length;r++)(t=(e=s[r]).getAttribute(\"data-secret\"))||(t=Math.random().toString(36).substring(2,12),e.src+=\"#?secret=\"+t,e.setAttribute(\"data-secret\",t)),e.contentWindow.postMessage({message:\"ready\",secret:t},\"*\")},!1)))}(window,document);\n\/* ]]> *\/\n<\/script>\n","description":"M\u00e4andern \u2013 schon der Klang mit der seltenen Vokalkombination ist sch\u00f6n. Und inhaltlich: Mir kommen die Fl\u00fcsschen der nahen Schw\u00e4bischen Alb in den Sinn, die sich tr\u00e4ge schl\u00e4ngeln, Zeit haben, bequem sind, den l\u00e4ngeren, aber angenehmeren Weg w\u00e4hlen. Diese Ineffizienz zugunsten der Sch\u00f6nheit des Laufs gef\u00e4llt mir. M\u00e4andern steht im Gegensatz zur Geradlinigkeit, die oft [&hellip;]"}