{"version":"1.0","provider_name":"ZEIT der Leser","provider_url":"https:\/\/blog.zeit.de\/zeit-der-leser","author_name":"\"Zeit der Leser\"-Redaktion","author_url":"https:\/\/blog.zeit.de\/zeit-der-leser\/author\/zeit-der-leser-redaktion\/","title":"\u00dcbergangsmantel: Mein Wort-Schatz - ZEIT der Leser","type":"rich","width":600,"height":338,"html":"<blockquote class=\"wp-embedded-content\" data-secret=\"91tCSD8uS4\"><a href=\"https:\/\/blog.zeit.de\/zeit-der-leser\/2012\/11\/27\/mein-wort-schatz-uebergangsmantel\/\">\u00dcbergangsmantel: Mein Wort-Schatz<\/a><\/blockquote><iframe sandbox=\"allow-scripts\" security=\"restricted\" src=\"https:\/\/blog.zeit.de\/zeit-der-leser\/2012\/11\/27\/mein-wort-schatz-uebergangsmantel\/embed\/#?secret=91tCSD8uS4\" width=\"600\" height=\"338\" title=\"&#8222;\u00dcbergangsmantel: Mein Wort-Schatz&#8220; &#8212; ZEIT der Leser\" data-secret=\"91tCSD8uS4\" frameborder=\"0\" marginwidth=\"0\" marginheight=\"0\" scrolling=\"no\" class=\"wp-embedded-content\"><\/iframe><script type=\"text\/javascript\">\n\/* <![CDATA[ *\/\n\/*! This file is auto-generated *\/\n!function(d,l){\"use strict\";l.querySelector&&d.addEventListener&&\"undefined\"!=typeof URL&&(d.wp=d.wp||{},d.wp.receiveEmbedMessage||(d.wp.receiveEmbedMessage=function(e){var t=e.data;if((t||t.secret||t.message||t.value)&&!\/[^a-zA-Z0-9]\/.test(t.secret)){for(var s,r,n,a=l.querySelectorAll('iframe[data-secret=\"'+t.secret+'\"]'),o=l.querySelectorAll('blockquote[data-secret=\"'+t.secret+'\"]'),c=new RegExp(\"^https?:$\",\"i\"),i=0;i<o.length;i++)o[i].style.display=\"none\";for(i=0;i<a.length;i++)s=a[i],e.source===s.contentWindow&&(s.removeAttribute(\"style\"),\"height\"===t.message?(1e3<(r=parseInt(t.value,10))?r=1e3:~~r<200&&(r=200),s.height=r):\"link\"===t.message&&(r=new URL(s.getAttribute(\"src\")),n=new URL(t.value),c.test(n.protocol))&&n.host===r.host&&l.activeElement===s&&(d.top.location.href=t.value))}},d.addEventListener(\"message\",d.wp.receiveEmbedMessage,!1),l.addEventListener(\"DOMContentLoaded\",function(){for(var e,t,s=l.querySelectorAll(\"iframe.wp-embedded-content\"),r=0;r<s.length;r++)(t=(e=s[r]).getAttribute(\"data-secret\"))||(t=Math.random().toString(36).substring(2,12),e.src+=\"#?secret=\"+t,e.setAttribute(\"data-secret\",t)),e.contentWindow.postMessage({message:\"ready\",secret:t},\"*\")},!1)))}(window,document);\n\/* ]]> *\/\n<\/script>\n","description":"Der \u00dcbergangsmantel stirbt aus! Gemeint ist ein Kleidungsst\u00fcck, das in der \u00dcbergangszeit, also im Fr\u00fchjahr beziehungsweise Herbst, getragen wird. Da die Jahreszeiten sich bei uns in den vergangenen Jahren sowieso immer mehr vermischten, wird der Begriff \u00bb\u00dcbergangsmantel\u00ab immer seltener benutzt. Wolfgang Kamp,\u00a0W\u00f6llstein, Rheinland-Pfalz"}