{"version":"1.0","provider_name":"ZEIT der Leser","provider_url":"https:\/\/blog.zeit.de\/zeit-der-leser","author_name":"\"Zeit der Leser\"-Redaktion","author_url":"https:\/\/blog.zeit.de\/zeit-der-leser\/author\/zeit-der-leser-redaktion\/","title":"Zeitsprung: Wandern in S\u00fcdtirol - ZEIT der Leser","type":"rich","width":600,"height":338,"html":"<blockquote class=\"wp-embedded-content\" data-secret=\"p3r6Ua1bPy\"><a href=\"https:\/\/blog.zeit.de\/zeit-der-leser\/2013\/03\/24\/zeitsprung-wandern-in-sudtirol\/\">Zeitsprung: Wandern in S\u00fcdtirol<\/a><\/blockquote><iframe sandbox=\"allow-scripts\" security=\"restricted\" src=\"https:\/\/blog.zeit.de\/zeit-der-leser\/2013\/03\/24\/zeitsprung-wandern-in-sudtirol\/embed\/#?secret=p3r6Ua1bPy\" width=\"600\" height=\"338\" title=\"&#8222;Zeitsprung: Wandern in S\u00fcdtirol&#8220; &#8212; ZEIT der Leser\" data-secret=\"p3r6Ua1bPy\" frameborder=\"0\" marginwidth=\"0\" marginheight=\"0\" scrolling=\"no\" class=\"wp-embedded-content\"><\/iframe><script type=\"text\/javascript\">\n\/* <![CDATA[ *\/\n\/*! This file is auto-generated *\/\n!function(d,l){\"use strict\";l.querySelector&&d.addEventListener&&\"undefined\"!=typeof URL&&(d.wp=d.wp||{},d.wp.receiveEmbedMessage||(d.wp.receiveEmbedMessage=function(e){var t=e.data;if((t||t.secret||t.message||t.value)&&!\/[^a-zA-Z0-9]\/.test(t.secret)){for(var s,r,n,a=l.querySelectorAll('iframe[data-secret=\"'+t.secret+'\"]'),o=l.querySelectorAll('blockquote[data-secret=\"'+t.secret+'\"]'),c=new RegExp(\"^https?:$\",\"i\"),i=0;i<o.length;i++)o[i].style.display=\"none\";for(i=0;i<a.length;i++)s=a[i],e.source===s.contentWindow&&(s.removeAttribute(\"style\"),\"height\"===t.message?(1e3<(r=parseInt(t.value,10))?r=1e3:~~r<200&&(r=200),s.height=r):\"link\"===t.message&&(r=new URL(s.getAttribute(\"src\")),n=new URL(t.value),c.test(n.protocol))&&n.host===r.host&&l.activeElement===s&&(d.top.location.href=t.value))}},d.addEventListener(\"message\",d.wp.receiveEmbedMessage,!1),l.addEventListener(\"DOMContentLoaded\",function(){for(var e,t,s=l.querySelectorAll(\"iframe.wp-embedded-content\"),r=0;r<s.length;r++)(t=(e=s[r]).getAttribute(\"data-secret\"))||(t=Math.random().toString(36).substring(2,12),e.src+=\"#?secret=\"+t,e.setAttribute(\"data-secret\",t)),e.contentWindow.postMessage({message:\"ready\",secret:t},\"*\")},!1)))}(window,document);\n\/* ]]> *\/\n<\/script>\n","description":"Wohl 20-mal verbrachten wir als Kinder und Jugendliche einige Urlaubstage auf einem Bergbauernhof in S\u00fcdtirol, oft gemeinsam mit Tante, Onkel und Cousinen. Viele gemeinsame Abenteuer haben uns f\u00fcnf Cousinen und Cousins (im unteren Bild als Kinder zu sehen) zu einem eingeschworenen Team gemacht. Schon lange tr\u00e4umten wir von einem \u00bbRevival\u00ab \u2013 und reisten schlie\u00dflich mit [&hellip;]","thumbnail_url":"https:\/\/blog.zeit.de\/zeit-der-leser\/files\/2013\/03\/s86-zeitsprung-2012.jpg"}