{"version":"1.0","provider_name":"ZEIT der Leser","provider_url":"https:\/\/blog.zeit.de\/zeit-der-leser","author_name":"\"Zeit der Leser\"-Redaktion","author_url":"https:\/\/blog.zeit.de\/zeit-der-leser\/author\/zeit-der-leser-redaktion\/","title":"Zeitsprung: Selbstverst\u00e4ndlich - ZEIT der Leser","type":"rich","width":600,"height":338,"html":"<blockquote class=\"wp-embedded-content\" data-secret=\"IKSCQ5h5mV\"><a href=\"https:\/\/blog.zeit.de\/zeit-der-leser\/2013\/06\/26\/zeitsprung-selbstverstandlich\/\">Zeitsprung: Selbstverst\u00e4ndlich<\/a><\/blockquote><iframe sandbox=\"allow-scripts\" security=\"restricted\" src=\"https:\/\/blog.zeit.de\/zeit-der-leser\/2013\/06\/26\/zeitsprung-selbstverstandlich\/embed\/#?secret=IKSCQ5h5mV\" width=\"600\" height=\"338\" title=\"&#8222;Zeitsprung: Selbstverst\u00e4ndlich&#8220; &#8212; ZEIT der Leser\" data-secret=\"IKSCQ5h5mV\" frameborder=\"0\" marginwidth=\"0\" marginheight=\"0\" scrolling=\"no\" class=\"wp-embedded-content\"><\/iframe><script type=\"text\/javascript\">\n\/* <![CDATA[ *\/\n\/*! This file is auto-generated *\/\n!function(d,l){\"use strict\";l.querySelector&&d.addEventListener&&\"undefined\"!=typeof URL&&(d.wp=d.wp||{},d.wp.receiveEmbedMessage||(d.wp.receiveEmbedMessage=function(e){var t=e.data;if((t||t.secret||t.message||t.value)&&!\/[^a-zA-Z0-9]\/.test(t.secret)){for(var s,r,n,a=l.querySelectorAll('iframe[data-secret=\"'+t.secret+'\"]'),o=l.querySelectorAll('blockquote[data-secret=\"'+t.secret+'\"]'),c=new RegExp(\"^https?:$\",\"i\"),i=0;i<o.length;i++)o[i].style.display=\"none\";for(i=0;i<a.length;i++)s=a[i],e.source===s.contentWindow&&(s.removeAttribute(\"style\"),\"height\"===t.message?(1e3<(r=parseInt(t.value,10))?r=1e3:~~r<200&&(r=200),s.height=r):\"link\"===t.message&&(r=new URL(s.getAttribute(\"src\")),n=new URL(t.value),c.test(n.protocol))&&n.host===r.host&&l.activeElement===s&&(d.top.location.href=t.value))}},d.addEventListener(\"message\",d.wp.receiveEmbedMessage,!1),l.addEventListener(\"DOMContentLoaded\",function(){for(var e,t,s=l.querySelectorAll(\"iframe.wp-embedded-content\"),r=0;r<s.length;r++)(t=(e=s[r]).getAttribute(\"data-secret\"))||(t=Math.random().toString(36).substring(2,12),e.src+=\"#?secret=\"+t,e.setAttribute(\"data-secret\",t)),e.contentWindow.postMessage({message:\"ready\",secret:t},\"*\")},!1)))}(window,document);\n\/* ]]> *\/\n<\/script>\n","description":"Selbstausl\u00f6serfotos haben in unserer Familie Tradition. Und das Erkunden der Welt mit nichts mehr als einem Rucksack auf dem R\u00fccken ebenfalls. So gibt es von Beginn an aus jedem Urlaub mindestens ein Selbstausl\u00f6serfoto. Die beiden Bilder zeigen mich mit meiner Schwester und unseren Eltern 1997 in Griechenland beim Inselh\u00fcpfen (da bin ich die Zweite von [&hellip;]","thumbnail_url":"https:\/\/blog.zeit.de\/zeit-der-leser\/files\/2013\/06\/s82-zeitsprung-1.jpg"}