{"version":"1.0","provider_name":"ZEITansage","provider_url":"https:\/\/blog.zeit.de\/zeitansage","author_name":"Karsten Polke-Majewski","author_url":"https:\/\/blog.zeit.de\/zeitansage\/author\/karsten-polke-majewski","title":"Klimapreis f\u00fcr Hauke Friederichs - ZEITansage","type":"rich","width":600,"height":338,"html":"<blockquote class=\"wp-embedded-content\" data-secret=\"5jo671qWmg\"><a href=\"https:\/\/blog.zeit.de\/zeitansage\/2010\/12\/01\/klimapreis-fur-hauke-friederichs_638\">Klimapreis f\u00fcr Hauke Friederichs<\/a><\/blockquote><iframe sandbox=\"allow-scripts\" security=\"restricted\" src=\"https:\/\/blog.zeit.de\/zeitansage\/2010\/12\/01\/klimapreis-fur-hauke-friederichs_638\/embed#?secret=5jo671qWmg\" width=\"600\" height=\"338\" title=\"&#8222;Klimapreis f\u00fcr Hauke Friederichs&#8220; &#8212; ZEITansage\" data-secret=\"5jo671qWmg\" frameborder=\"0\" marginwidth=\"0\" marginheight=\"0\" scrolling=\"no\" class=\"wp-embedded-content\"><\/iframe><script type=\"text\/javascript\">\n\/* <![CDATA[ *\/\n\/*! This file is auto-generated *\/\n!function(d,l){\"use strict\";l.querySelector&&d.addEventListener&&\"undefined\"!=typeof URL&&(d.wp=d.wp||{},d.wp.receiveEmbedMessage||(d.wp.receiveEmbedMessage=function(e){var t=e.data;if((t||t.secret||t.message||t.value)&&!\/[^a-zA-Z0-9]\/.test(t.secret)){for(var s,r,n,a=l.querySelectorAll('iframe[data-secret=\"'+t.secret+'\"]'),o=l.querySelectorAll('blockquote[data-secret=\"'+t.secret+'\"]'),c=new RegExp(\"^https?:$\",\"i\"),i=0;i<o.length;i++)o[i].style.display=\"none\";for(i=0;i<a.length;i++)s=a[i],e.source===s.contentWindow&&(s.removeAttribute(\"style\"),\"height\"===t.message?(1e3<(r=parseInt(t.value,10))?r=1e3:~~r<200&&(r=200),s.height=r):\"link\"===t.message&&(r=new URL(s.getAttribute(\"src\")),n=new URL(t.value),c.test(n.protocol))&&n.host===r.host&&l.activeElement===s&&(d.top.location.href=t.value))}},d.addEventListener(\"message\",d.wp.receiveEmbedMessage,!1),l.addEventListener(\"DOMContentLoaded\",function(){for(var e,t,s=l.querySelectorAll(\"iframe.wp-embedded-content\"),r=0;r<s.length;r++)(t=(e=s[r]).getAttribute(\"data-secret\"))||(t=Math.random().toString(36).substring(2,12),e.src+=\"#?secret=\"+t,e.setAttribute(\"data-secret\",t)),e.contentWindow.postMessage({message:\"ready\",secret:t},\"*\")},!1)))}(window,document);\n\/* ]]> *\/\n<\/script>\n","description":"Wir freuen uns mit unserem Kollegen Hauke Friederichs, der f\u00fcr seine Reportage \u00fcber Folgen des Klimawandels in Tunesien den dritten Preis des Hessischen Klimapreises f\u00fcr Nachwuchsjournalisten erhalten hat. Der erste Preis ging an Stefanie Schramm, die f\u00fcr das Wissensressort der ZEIT \u00fcber Umweltverschmutzung in China schrieb. Den zweiten Preis erhielt Mirco Lomoth, freier Journalist aus [&hellip;]"}