{"version":"1.0","provider_name":"Zweitstimme","provider_url":"https:\/\/blog.zeit.de\/zweitstimme","author_name":"Andreas W\u00fcst","author_url":"https:\/\/blog.zeit.de\/zweitstimme\/author\/andreas-wuest\/","title":"Th\u00fcringen: Warum nicht eine gr\u00fcne Ministerpr\u00e4sidentin? - Zweitstimme","type":"rich","width":600,"height":338,"html":"<blockquote class=\"wp-embedded-content\" data-secret=\"aLiZ4KqhTw\"><a href=\"https:\/\/blog.zeit.de\/zweitstimme\/2009\/09\/01\/thuringen-warum-nicht-eine-grune-ministerprasidentin\/\">Th\u00fcringen: Warum nicht eine gr\u00fcne Ministerpr\u00e4sidentin?<\/a><\/blockquote><iframe sandbox=\"allow-scripts\" security=\"restricted\" src=\"https:\/\/blog.zeit.de\/zweitstimme\/2009\/09\/01\/thuringen-warum-nicht-eine-grune-ministerprasidentin\/embed\/#?secret=aLiZ4KqhTw\" width=\"600\" height=\"338\" title=\"&#8222;Th\u00fcringen: Warum nicht eine gr\u00fcne Ministerpr\u00e4sidentin?&#8220; &#8212; Zweitstimme\" data-secret=\"aLiZ4KqhTw\" frameborder=\"0\" marginwidth=\"0\" marginheight=\"0\" scrolling=\"no\" class=\"wp-embedded-content\"><\/iframe><script type=\"text\/javascript\">\n\/* <![CDATA[ *\/\n\/*! This file is auto-generated *\/\n!function(d,l){\"use strict\";l.querySelector&&d.addEventListener&&\"undefined\"!=typeof URL&&(d.wp=d.wp||{},d.wp.receiveEmbedMessage||(d.wp.receiveEmbedMessage=function(e){var t=e.data;if((t||t.secret||t.message||t.value)&&!\/[^a-zA-Z0-9]\/.test(t.secret)){for(var s,r,n,a=l.querySelectorAll('iframe[data-secret=\"'+t.secret+'\"]'),o=l.querySelectorAll('blockquote[data-secret=\"'+t.secret+'\"]'),c=new RegExp(\"^https?:$\",\"i\"),i=0;i<o.length;i++)o[i].style.display=\"none\";for(i=0;i<a.length;i++)s=a[i],e.source===s.contentWindow&&(s.removeAttribute(\"style\"),\"height\"===t.message?(1e3<(r=parseInt(t.value,10))?r=1e3:~~r<200&&(r=200),s.height=r):\"link\"===t.message&&(r=new URL(s.getAttribute(\"src\")),n=new URL(t.value),c.test(n.protocol))&&n.host===r.host&&l.activeElement===s&&(d.top.location.href=t.value))}},d.addEventListener(\"message\",d.wp.receiveEmbedMessage,!1),l.addEventListener(\"DOMContentLoaded\",function(){for(var e,t,s=l.querySelectorAll(\"iframe.wp-embedded-content\"),r=0;r<s.length;r++)(t=(e=s[r]).getAttribute(\"data-secret\"))||(t=Math.random().toString(36).substring(2,12),e.src+=\"#?secret=\"+t,e.setAttribute(\"data-secret\",t)),e.contentWindow.postMessage({message:\"ready\",secret:t},\"*\")},!1)))}(window,document);\n\/* ]]> *\/\n<\/script>\n","description":"Nach der Landtagswahl gibt es in Th\u00fcringen zwei realistische Koalitionsoptionen: Schwarz-Rot oder Rot-Rot-Gr\u00fcn. Der Spitzenkandidat der SPD, Christoph Matschie, hat am Wahlabend und am Tag darauf betont, dass es mit der Th\u00fcringer SPD keinen Ministerpr\u00e4sidenten der Linken geben wird. Auch die Gr\u00fcnen haben gro\u00dfe Vorbehalte gegen Bodo Ramelow. Wie die SPD st\u00f6\u00dft man sich an [&hellip;]","thumbnail_url":"http:\/\/altesblog.zeit.de\/wahlen-nach-zahlen\/wp-content\/uploads\/2009\/03\/wuest-300x225.jpg"}